{"id":1302,"date":"2015-10-19T20:15:19","date_gmt":"2015-10-19T18:15:19","guid":{"rendered":"http:\/\/bildzeuge.de\/?page_id=1302"},"modified":"2015-10-22T13:07:30","modified_gmt":"2015-10-22T11:07:30","slug":"noerdliche-westalpen","status":"publish","type":"page","link":"https:\/\/www.bildzeuge.de\/?page_id=1302","title":{"rendered":"N\u00f6rdliche Westalpen"},"content":{"rendered":"<h2>Grande Traversata delle Alpi (GTA)<\/h2>\n<p>Als <strong><a href=\"http:\/\/de.cuneo360.it\/pages\/527\" target=\"_blank\">GTA<\/a><\/strong> wird der Bergfernwanderweg bezeichnet, der <strong>von der Schweiz bis ans Mittelmeer<\/strong> (Ventimiglia oder Nizza) \u00fcber eine Strecke von etwa <strong>900 km<\/strong> und <strong>65 000 H\u00f6henmetern<\/strong> entlang der Grenze zwischen Frankreich und Italien f\u00fchrt und mit Einstiegs- und Ausstiegsvarianten <strong>in 65 bis 75 Etappen<\/strong> gegliedert ist. Da wir dies schon einige Male auf dem Urlaubsprogramm hatten, fehlen uns nicht mehr viele Tagestouren zur Gesamtstrecke. Informationen zur GTA k\u00f6nnt ihr \u00fcber diese etwas un\u00fcbersichtliche, aber gehaltvolle Internetseite finden &#8230; <strong><a href=\"http:\/\/www.gtaweb.de\" target=\"_blank\">hier<\/a><\/strong>.<\/p>\n<p>Mitte September 2015 starteten wir von <strong>Domodossola<\/strong>, nachdem wir per Zug \u00fcber <strong>Z\u00fcrich<\/strong> nach <strong>Locarno<\/strong> angereist waren und mit der <strong><a href=\"http:\/\/www.tripadvisor.de\/Attraction_Review-g681250-d246556-Reviews-Vigezzina_Centovalli_Railway-Domodossola_Province_of_Verbano_Cusio_Ossola_Piedmont.html\" target=\"_blank\">Centovallibahn<\/a><\/strong> im Panoramazug von der Schweiz nach Italien gelangten. Ein Bus brachte uns zur Einstiegsstelle in Molini.<\/p>\n<p><a href=\"https:\/\/www.bildzeuge.de\/wp-content\/uploads\/2015\/Westalpen\/Tour\/150914-SM-03bz.jpg\" data-rel=\"lightbox-gallery-5y7a25Pj\" data-rl_title=\"\" data-rl_caption=\"\"><img loading=\"lazy\" decoding=\"async\" class=\"alignnone size-full wp-image-1370\" title=\"\" src=\"https:\/\/www.bildzeuge.de\/wp-content\/uploads\/2015\/Westalpen\/Tour\/150914-SM-03bz.jpg\" alt=\"\" width=\"1200\" height=\"900\" srcset=\"https:\/\/www.bildzeuge.de\/wp-content\/uploads\/2015\/Westalpen\/Tour\/150914-SM-03bz.jpg 1200w, https:\/\/www.bildzeuge.de\/wp-content\/uploads\/2015\/Westalpen\/Tour\/150914-SM-03bz-300x225.jpg 300w, https:\/\/www.bildzeuge.de\/wp-content\/uploads\/2015\/Westalpen\/Tour\/150914-SM-03bz-1100x825.jpg 1100w, https:\/\/www.bildzeuge.de\/wp-content\/uploads\/2015\/Westalpen\/Tour\/150914-SM-03bz-600x450.jpg 600w, https:\/\/www.bildzeuge.de\/wp-content\/uploads\/2015\/Westalpen\/Tour\/150914-SM-03bz-75x56.jpg 75w\" sizes=\"auto, (max-width: 1200px) 100vw, 1200px\" \/><\/a><\/p>\n<p><a href=\"https:\/\/www.bildzeuge.de\/wp-content\/uploads\/2015\/Westalpen\/Tour\/150914-SM-06bz.jpg\" data-rel=\"lightbox-gallery-5y7a25Pj\" data-rl_title=\"\" data-rl_caption=\"\"><img loading=\"lazy\" decoding=\"async\" class=\"alignnone size-full wp-image-1372\" title=\"\" src=\"https:\/\/www.bildzeuge.de\/wp-content\/uploads\/2015\/Westalpen\/Tour\/150914-SM-06bz.jpg\" alt=\"\" width=\"1200\" height=\"900\" srcset=\"https:\/\/www.bildzeuge.de\/wp-content\/uploads\/2015\/Westalpen\/Tour\/150914-SM-06bz.jpg 1200w, https:\/\/www.bildzeuge.de\/wp-content\/uploads\/2015\/Westalpen\/Tour\/150914-SM-06bz-300x225.jpg 300w, https:\/\/www.bildzeuge.de\/wp-content\/uploads\/2015\/Westalpen\/Tour\/150914-SM-06bz-1100x825.jpg 1100w, https:\/\/www.bildzeuge.de\/wp-content\/uploads\/2015\/Westalpen\/Tour\/150914-SM-06bz-600x450.jpg 600w, https:\/\/www.bildzeuge.de\/wp-content\/uploads\/2015\/Westalpen\/Tour\/150914-SM-06bz-75x56.jpg 75w\" sizes=\"auto, (max-width: 1200px) 100vw, 1200px\" \/><\/a><\/p>\n<p>Die Natur erobert sich die Landschaft zur\u00fcck, denn immer wieder findet man aufgegebene D\u00f6rfer, also eigentlich meist nur Ruinen davon:<\/p>\n<p><a href=\"https:\/\/www.bildzeuge.de\/wp-content\/uploads\/2015\/Westalpen\/Tour\/150914-SM-05bz.jpg\" data-rel=\"lightbox-gallery-5y7a25Pj\" data-rl_title=\"\" data-rl_caption=\"\"><img loading=\"lazy\" decoding=\"async\" class=\"alignnone size-full wp-image-1371\" title=\"\" src=\"https:\/\/www.bildzeuge.de\/wp-content\/uploads\/2015\/Westalpen\/Tour\/150914-SM-05bz.jpg\" alt=\"\" width=\"1200\" height=\"900\" srcset=\"https:\/\/www.bildzeuge.de\/wp-content\/uploads\/2015\/Westalpen\/Tour\/150914-SM-05bz.jpg 1200w, https:\/\/www.bildzeuge.de\/wp-content\/uploads\/2015\/Westalpen\/Tour\/150914-SM-05bz-300x225.jpg 300w, https:\/\/www.bildzeuge.de\/wp-content\/uploads\/2015\/Westalpen\/Tour\/150914-SM-05bz-1100x825.jpg 1100w, https:\/\/www.bildzeuge.de\/wp-content\/uploads\/2015\/Westalpen\/Tour\/150914-SM-05bz-600x450.jpg 600w, https:\/\/www.bildzeuge.de\/wp-content\/uploads\/2015\/Westalpen\/Tour\/150914-SM-05bz-75x56.jpg 75w\" sizes=\"auto, (max-width: 1200px) 100vw, 1200px\" \/><\/a><\/p>\n<p><a href=\"https:\/\/www.bildzeuge.de\/wp-content\/uploads\/2015\/Westalpen\/Tour\/150914-SM-07bz.jpg\" data-rel=\"lightbox-gallery-5y7a25Pj\" data-rl_title=\"\" data-rl_caption=\"\"><img loading=\"lazy\" decoding=\"async\" class=\"alignnone size-full wp-image-1373\" title=\"\" src=\"https:\/\/www.bildzeuge.de\/wp-content\/uploads\/2015\/Westalpen\/Tour\/150914-SM-07bz.jpg\" alt=\"\" width=\"1200\" height=\"900\" srcset=\"https:\/\/www.bildzeuge.de\/wp-content\/uploads\/2015\/Westalpen\/Tour\/150914-SM-07bz.jpg 1200w, https:\/\/www.bildzeuge.de\/wp-content\/uploads\/2015\/Westalpen\/Tour\/150914-SM-07bz-300x225.jpg 300w, https:\/\/www.bildzeuge.de\/wp-content\/uploads\/2015\/Westalpen\/Tour\/150914-SM-07bz-1100x825.jpg 1100w, https:\/\/www.bildzeuge.de\/wp-content\/uploads\/2015\/Westalpen\/Tour\/150914-SM-07bz-600x450.jpg 600w, https:\/\/www.bildzeuge.de\/wp-content\/uploads\/2015\/Westalpen\/Tour\/150914-SM-07bz-75x56.jpg 75w\" sizes=\"auto, (max-width: 1200px) 100vw, 1200px\" \/><\/a><\/p>\n<p>Unser Tagesziel in Sicht. Ganz links steht eine unbewirtschaftete Biwak-H\u00fctte, mit Bettgestellen und ein paar &#8222;Pferdedecken&#8220; ausgestattet.<\/p>\n<p><a href=\"https:\/\/www.bildzeuge.de\/wp-content\/uploads\/2015\/Westalpen\/Tour\/150915-SM-10bz.jpg\" data-rel=\"lightbox-gallery-5y7a25Pj\" data-rl_title=\"\" data-rl_caption=\"\"><img loading=\"lazy\" decoding=\"async\" class=\"alignnone size-full wp-image-1376\" title=\"\" src=\"https:\/\/www.bildzeuge.de\/wp-content\/uploads\/2015\/Westalpen\/Tour\/150915-SM-10bz.jpg\" alt=\"\" width=\"1200\" height=\"900\" srcset=\"https:\/\/www.bildzeuge.de\/wp-content\/uploads\/2015\/Westalpen\/Tour\/150915-SM-10bz.jpg 1200w, https:\/\/www.bildzeuge.de\/wp-content\/uploads\/2015\/Westalpen\/Tour\/150915-SM-10bz-300x225.jpg 300w, https:\/\/www.bildzeuge.de\/wp-content\/uploads\/2015\/Westalpen\/Tour\/150915-SM-10bz-1100x825.jpg 1100w, https:\/\/www.bildzeuge.de\/wp-content\/uploads\/2015\/Westalpen\/Tour\/150915-SM-10bz-600x450.jpg 600w, https:\/\/www.bildzeuge.de\/wp-content\/uploads\/2015\/Westalpen\/Tour\/150915-SM-10bz-75x56.jpg 75w\" sizes=\"auto, (max-width: 1200px) 100vw, 1200px\" \/><\/a><\/p>\n<p>Von der H\u00fctte aus, ist diese erfrischende, abendliche Badeszene fotografiert worden:<\/p>\n<p><a href=\"https:\/\/www.bildzeuge.de\/wp-content\/uploads\/2015\/Westalpen\/Tour\/150914-SM-18bz.jpg\" data-rel=\"lightbox-gallery-5y7a25Pj\" data-rl_title=\"\" data-rl_caption=\"\"><img loading=\"lazy\" decoding=\"async\" class=\"alignnone size-full wp-image-1374\" title=\"\" src=\"https:\/\/www.bildzeuge.de\/wp-content\/uploads\/2015\/Westalpen\/Tour\/150914-SM-18bz.jpg\" alt=\"\" width=\"1200\" height=\"900\" srcset=\"https:\/\/www.bildzeuge.de\/wp-content\/uploads\/2015\/Westalpen\/Tour\/150914-SM-18bz.jpg 1200w, https:\/\/www.bildzeuge.de\/wp-content\/uploads\/2015\/Westalpen\/Tour\/150914-SM-18bz-300x225.jpg 300w, https:\/\/www.bildzeuge.de\/wp-content\/uploads\/2015\/Westalpen\/Tour\/150914-SM-18bz-1100x825.jpg 1100w, https:\/\/www.bildzeuge.de\/wp-content\/uploads\/2015\/Westalpen\/Tour\/150914-SM-18bz-600x450.jpg 600w, https:\/\/www.bildzeuge.de\/wp-content\/uploads\/2015\/Westalpen\/Tour\/150914-SM-18bz-75x56.jpg 75w\" sizes=\"auto, (max-width: 1200px) 100vw, 1200px\" \/><\/a><\/p>\n<p>H\u00fctte wieder gut verschlie\u00dfen &#8230; und weiter geht`s!<\/p>\n<p><a href=\"https:\/\/www.bildzeuge.de\/wp-content\/uploads\/2015\/Westalpen\/Tour\/150915-SM-09bz.jpg\" data-rel=\"lightbox-gallery-5y7a25Pj\" data-rl_title=\"\" data-rl_caption=\"\"><img loading=\"lazy\" decoding=\"async\" class=\"alignnone size-full wp-image-1375\" title=\"\" src=\"https:\/\/www.bildzeuge.de\/wp-content\/uploads\/2015\/Westalpen\/Tour\/150915-SM-09bz.jpg\" alt=\"\" width=\"1200\" height=\"900\" srcset=\"https:\/\/www.bildzeuge.de\/wp-content\/uploads\/2015\/Westalpen\/Tour\/150915-SM-09bz.jpg 1200w, https:\/\/www.bildzeuge.de\/wp-content\/uploads\/2015\/Westalpen\/Tour\/150915-SM-09bz-300x225.jpg 300w, https:\/\/www.bildzeuge.de\/wp-content\/uploads\/2015\/Westalpen\/Tour\/150915-SM-09bz-1100x825.jpg 1100w, https:\/\/www.bildzeuge.de\/wp-content\/uploads\/2015\/Westalpen\/Tour\/150915-SM-09bz-600x450.jpg 600w, https:\/\/www.bildzeuge.de\/wp-content\/uploads\/2015\/Westalpen\/Tour\/150915-SM-09bz-75x56.jpg 75w\" sizes=\"auto, (max-width: 1200px) 100vw, 1200px\" \/><\/a><\/p>\n<p><a href=\"https:\/\/www.bildzeuge.de\/wp-content\/uploads\/2015\/Westalpen\/Tour\/150915-SM-12web.jpg\" data-rel=\"lightbox-gallery-5y7a25Pj\" data-rl_title=\"\" data-rl_caption=\"\"><img loading=\"lazy\" decoding=\"async\" class=\"alignnone size-full wp-image-1377\" title=\"\" src=\"https:\/\/www.bildzeuge.de\/wp-content\/uploads\/2015\/Westalpen\/Tour\/150915-SM-12web.jpg\" alt=\"\" width=\"1250\" height=\"938\" \/><\/a><\/p>\n<p>Regen und &#8230; immer wieder Regen. Die 1. Woche lie\u00df unsere Klamotten kaum trocken werden \u00fcber Nacht, aber bedauerlicher, dass wir einen Gro\u00dfteil wundervoller Bergwelt vor lauter Nebel nicht sehen, gleich gar nicht erleben konnten.<\/p>\n<p><a href=\"https:\/\/www.bildzeuge.de\/wp-content\/uploads\/2015\/Westalpen\/Tour\/150916-SM-36bz.jpg\" data-rel=\"lightbox-gallery-5y7a25Pj\" data-rl_title=\"\" data-rl_caption=\"\"><img loading=\"lazy\" decoding=\"async\" class=\"alignnone size-full wp-image-1378\" title=\"\" src=\"https:\/\/www.bildzeuge.de\/wp-content\/uploads\/2015\/Westalpen\/Tour\/150916-SM-36bz.jpg\" alt=\"\" width=\"1200\" height=\"900\" srcset=\"https:\/\/www.bildzeuge.de\/wp-content\/uploads\/2015\/Westalpen\/Tour\/150916-SM-36bz.jpg 1200w, https:\/\/www.bildzeuge.de\/wp-content\/uploads\/2015\/Westalpen\/Tour\/150916-SM-36bz-300x225.jpg 300w, https:\/\/www.bildzeuge.de\/wp-content\/uploads\/2015\/Westalpen\/Tour\/150916-SM-36bz-1100x825.jpg 1100w, https:\/\/www.bildzeuge.de\/wp-content\/uploads\/2015\/Westalpen\/Tour\/150916-SM-36bz-600x450.jpg 600w, https:\/\/www.bildzeuge.de\/wp-content\/uploads\/2015\/Westalpen\/Tour\/150916-SM-36bz-75x56.jpg 75w\" sizes=\"auto, (max-width: 1200px) 100vw, 1200px\" \/><\/a><\/p>\n<p><img loading=\"lazy\" decoding=\"async\" class=\"alignnone wp-image-1248 size-full\" title=\"150916-UD-41bz\" src=\"https:\/\/www.bildzeuge.de\/wp-content\/uploads\/2015\/Westalpen\/Tour\/150916-UD-41bz.jpg\" alt=\"\" width=\"1300\" height=\"975\" \/><\/p>\n<p>Hier mal eine sehr gut ausgestattete Noth\u00fctte von innen. Eigentliches Problem ist die fehlende Heizung bei so nassem und kaltem Wetter. Gelegentlich gibt es auch Schwierigkeiten, wenn man weit oben ist, an Wasser zu kommen, welches ja immer erst weiter unten flie\u00dft.<\/p>\n<p><img loading=\"lazy\" decoding=\"async\" class=\"alignnone wp-image-1380 size-full\" title=\"150918-SM-20\" src=\"https:\/\/www.bildzeuge.de\/wp-content\/uploads\/2015\/Westalpen\/Tour\/150918-SM-20.jpg\" alt=\"\" width=\"1200\" height=\"900\" srcset=\"https:\/\/www.bildzeuge.de\/wp-content\/uploads\/2015\/Westalpen\/Tour\/150918-SM-20.jpg 1200w, https:\/\/www.bildzeuge.de\/wp-content\/uploads\/2015\/Westalpen\/Tour\/150918-SM-20-300x225.jpg 300w, https:\/\/www.bildzeuge.de\/wp-content\/uploads\/2015\/Westalpen\/Tour\/150918-SM-20-1100x825.jpg 1100w, https:\/\/www.bildzeuge.de\/wp-content\/uploads\/2015\/Westalpen\/Tour\/150918-SM-20-600x450.jpg 600w, https:\/\/www.bildzeuge.de\/wp-content\/uploads\/2015\/Westalpen\/Tour\/150918-SM-20-75x56.jpg 75w\" sizes=\"auto, (max-width: 1200px) 100vw, 1200px\" \/><\/p>\n<p>Diese H\u00fctte von au\u00dfen und sogar mit Sonnenkollektor f\u00fcr ein paar Stunden Gl\u00fchlampenlicht am Abend:<\/p>\n<p><img loading=\"lazy\" decoding=\"async\" class=\"alignnone wp-image-1251 size-full\" title=\"150918-SM-21bz\" src=\"https:\/\/www.bildzeuge.de\/wp-content\/uploads\/2015\/Westalpen\/Tour\/150918-SM-21bz.jpg\" alt=\"\" width=\"1300\" height=\"975\" \/><\/p>\n<p><a href=\"https:\/\/www.bildzeuge.de\/wp-content\/uploads\/2015\/Westalpen\/Tour\/150915-SM-13bz.jpg\" data-rel=\"lightbox-gallery-5y7a25Pj\" data-rl_title=\"\" data-rl_caption=\"\"><img loading=\"lazy\" decoding=\"async\" class=\"alignnone size-full wp-image-1389\" title=\"\" src=\"https:\/\/www.bildzeuge.de\/wp-content\/uploads\/2015\/Westalpen\/Tour\/150915-SM-13bz.jpg\" alt=\"\" width=\"1200\" height=\"900\" srcset=\"https:\/\/www.bildzeuge.de\/wp-content\/uploads\/2015\/Westalpen\/Tour\/150915-SM-13bz.jpg 1200w, https:\/\/www.bildzeuge.de\/wp-content\/uploads\/2015\/Westalpen\/Tour\/150915-SM-13bz-300x225.jpg 300w, https:\/\/www.bildzeuge.de\/wp-content\/uploads\/2015\/Westalpen\/Tour\/150915-SM-13bz-1100x825.jpg 1100w, https:\/\/www.bildzeuge.de\/wp-content\/uploads\/2015\/Westalpen\/Tour\/150915-SM-13bz-600x450.jpg 600w, https:\/\/www.bildzeuge.de\/wp-content\/uploads\/2015\/Westalpen\/Tour\/150915-SM-13bz-75x56.jpg 75w\" sizes=\"auto, (max-width: 1200px) 100vw, 1200px\" \/><\/a><\/p>\n<p>Der letzte, gemeinsame Tage verw\u00f6hnte uns mit Sonne und nach langem Abstieg ins Valle Vologna (Vologna-Tal), wobei wir dieses entspannende Hotel, namens <strong><a href=\"http:\/\/www.zimmercasaprati.com\/\" target=\"_blank\">Casa Prati<\/a><\/strong>, in Alagna Valsesia fanden. Nina &amp; Raphael schwebten von hier per Bus ins 18 km entfernte <strong><a href=\"https:\/\/de.wikipedia.org\/wiki\/Varallo_%28Piemont%29\" target=\"_blank\">Varallo<\/a><\/strong> und dann weiter zum Lago d`Orta (<strong><a href=\"http:\/\/www.ortasee-info.de\/\" target=\"_blank\">Orta-See<\/a><\/strong>), den wir eben so als Final-Ereignis nach unseren zwei Bergwochen besuchen wollen.<br \/>\nAlso, ciao-ciao, ihr beiden &#8230; und gute Erholung!<\/p>\n<p><a href=\"https:\/\/www.bildzeuge.de\/wp-content\/uploads\/2015\/Westalpen\/Tour\/150921-SM-17bz.jpg\" data-rel=\"lightbox-gallery-5y7a25Pj\" data-rl_title=\"\" data-rl_caption=\"\"><img loading=\"lazy\" decoding=\"async\" class=\"alignnone size-full wp-image-1382\" title=\"\" src=\"https:\/\/www.bildzeuge.de\/wp-content\/uploads\/2015\/Westalpen\/Tour\/150921-SM-17bz.jpg\" alt=\"\" width=\"1200\" height=\"900\" srcset=\"https:\/\/www.bildzeuge.de\/wp-content\/uploads\/2015\/Westalpen\/Tour\/150921-SM-17bz.jpg 1200w, https:\/\/www.bildzeuge.de\/wp-content\/uploads\/2015\/Westalpen\/Tour\/150921-SM-17bz-300x225.jpg 300w, https:\/\/www.bildzeuge.de\/wp-content\/uploads\/2015\/Westalpen\/Tour\/150921-SM-17bz-1100x825.jpg 1100w, https:\/\/www.bildzeuge.de\/wp-content\/uploads\/2015\/Westalpen\/Tour\/150921-SM-17bz-600x450.jpg 600w, https:\/\/www.bildzeuge.de\/wp-content\/uploads\/2015\/Westalpen\/Tour\/150921-SM-17bz-75x56.jpg 75w\" sizes=\"auto, (max-width: 1200px) 100vw, 1200px\" \/><\/a><\/p>\n<p>Jetzt kommt Teil 2 des Bergwanderurlaubs, also die zweite Woche, die wir nur noch zu zweit bestritten.<\/p>\n<p><a href=\"https:\/\/www.bildzeuge.de\/wp-content\/uploads\/2015\/Westalpen\/Tour\/150921-SM-27bz.jpg\" data-rel=\"lightbox-gallery-5y7a25Pj\" data-rl_title=\"\" data-rl_caption=\"\"><img loading=\"lazy\" decoding=\"async\" class=\"alignnone size-full wp-image-1384\" title=\"\" src=\"https:\/\/www.bildzeuge.de\/wp-content\/uploads\/2015\/Westalpen\/Tour\/150921-SM-27bz.jpg\" alt=\"\" width=\"1200\" height=\"900\" srcset=\"https:\/\/www.bildzeuge.de\/wp-content\/uploads\/2015\/Westalpen\/Tour\/150921-SM-27bz.jpg 1200w, https:\/\/www.bildzeuge.de\/wp-content\/uploads\/2015\/Westalpen\/Tour\/150921-SM-27bz-300x225.jpg 300w, https:\/\/www.bildzeuge.de\/wp-content\/uploads\/2015\/Westalpen\/Tour\/150921-SM-27bz-1100x825.jpg 1100w, https:\/\/www.bildzeuge.de\/wp-content\/uploads\/2015\/Westalpen\/Tour\/150921-SM-27bz-600x450.jpg 600w, https:\/\/www.bildzeuge.de\/wp-content\/uploads\/2015\/Westalpen\/Tour\/150921-SM-27bz-75x56.jpg 75w\" sizes=\"auto, (max-width: 1200px) 100vw, 1200px\" \/><\/a><\/p>\n<p>Und schon landeten wir in der <strong>Melchior<\/strong>-Stra\u00dfe, was ich eine sehr freundliche Idee befinde, und die wenigen Menschen in dem Ort schauten mich auch ziemlich neugierig an.<\/p>\n<p><a href=\"https:\/\/www.bildzeuge.de\/wp-content\/uploads\/2015\/Westalpen\/Tour\/150921-SM-26bz.jpg\" data-rel=\"lightbox-gallery-5y7a25Pj\" data-rl_title=\"\" data-rl_caption=\"\"><img loading=\"lazy\" decoding=\"async\" class=\"alignnone size-full wp-image-1383\" title=\"\" src=\"https:\/\/www.bildzeuge.de\/wp-content\/uploads\/2015\/Westalpen\/Tour\/150921-SM-26bz.jpg\" alt=\"\" width=\"1200\" height=\"900\" srcset=\"https:\/\/www.bildzeuge.de\/wp-content\/uploads\/2015\/Westalpen\/Tour\/150921-SM-26bz.jpg 1200w, https:\/\/www.bildzeuge.de\/wp-content\/uploads\/2015\/Westalpen\/Tour\/150921-SM-26bz-300x225.jpg 300w, https:\/\/www.bildzeuge.de\/wp-content\/uploads\/2015\/Westalpen\/Tour\/150921-SM-26bz-1100x825.jpg 1100w, https:\/\/www.bildzeuge.de\/wp-content\/uploads\/2015\/Westalpen\/Tour\/150921-SM-26bz-600x450.jpg 600w, https:\/\/www.bildzeuge.de\/wp-content\/uploads\/2015\/Westalpen\/Tour\/150921-SM-26bz-75x56.jpg 75w\" sizes=\"auto, (max-width: 1200px) 100vw, 1200px\" \/><\/a><\/p>\n<p><a href=\"https:\/\/www.bildzeuge.de\/wp-content\/uploads\/2015\/Westalpen\/Tour\/150921-SM-28web.jpg\" data-rel=\"lightbox-gallery-5y7a25Pj\" data-rl_title=\"\" data-rl_caption=\"\"><img loading=\"lazy\" decoding=\"async\" class=\"alignnone size-full wp-image-1397\" title=\"\" src=\"https:\/\/www.bildzeuge.de\/wp-content\/uploads\/2015\/Westalpen\/Tour\/150921-SM-28web.jpg\" alt=\"\" width=\"1200\" height=\"900\" srcset=\"https:\/\/www.bildzeuge.de\/wp-content\/uploads\/2015\/Westalpen\/Tour\/150921-SM-28web.jpg 1200w, https:\/\/www.bildzeuge.de\/wp-content\/uploads\/2015\/Westalpen\/Tour\/150921-SM-28web-300x225.jpg 300w, https:\/\/www.bildzeuge.de\/wp-content\/uploads\/2015\/Westalpen\/Tour\/150921-SM-28web-1100x825.jpg 1100w, https:\/\/www.bildzeuge.de\/wp-content\/uploads\/2015\/Westalpen\/Tour\/150921-SM-28web-600x450.jpg 600w, https:\/\/www.bildzeuge.de\/wp-content\/uploads\/2015\/Westalpen\/Tour\/150921-SM-28web-75x56.jpg 75w\" sizes=\"auto, (max-width: 1200px) 100vw, 1200px\" \/><\/a><\/p>\n<p>Nachdem wir <strong>Riva Valdobbia<\/strong> hinter uns gelassen hatten und bergan gingen, erreichten wir ein Rifugio in <strong>Sant`Antonio di Vologna<\/strong> mit eigener Kirche, wo wir wunderbar bek\u00f6stigt wurden.<\/p>\n<p><a href=\"https:\/\/www.bildzeuge.de\/wp-content\/uploads\/2015\/Westalpen\/Tour\/150921-SM-56bz.jpg\" data-rel=\"lightbox-gallery-5y7a25Pj\" data-rl_title=\"\" data-rl_caption=\"\"><img loading=\"lazy\" decoding=\"async\" class=\"alignnone size-full wp-image-1386\" title=\"\" src=\"https:\/\/www.bildzeuge.de\/wp-content\/uploads\/2015\/Westalpen\/Tour\/150921-SM-56bz.jpg\" alt=\"\" width=\"1200\" height=\"900\" srcset=\"https:\/\/www.bildzeuge.de\/wp-content\/uploads\/2015\/Westalpen\/Tour\/150921-SM-56bz.jpg 1200w, https:\/\/www.bildzeuge.de\/wp-content\/uploads\/2015\/Westalpen\/Tour\/150921-SM-56bz-300x225.jpg 300w, https:\/\/www.bildzeuge.de\/wp-content\/uploads\/2015\/Westalpen\/Tour\/150921-SM-56bz-1100x825.jpg 1100w, https:\/\/www.bildzeuge.de\/wp-content\/uploads\/2015\/Westalpen\/Tour\/150921-SM-56bz-600x450.jpg 600w, https:\/\/www.bildzeuge.de\/wp-content\/uploads\/2015\/Westalpen\/Tour\/150921-SM-56bz-75x56.jpg 75w\" sizes=\"auto, (max-width: 1200px) 100vw, 1200px\" \/><\/a><\/p>\n<p>Wenige 100 Meter dahinter geht es in zwei alte Walser-Siedlungen, die ich im Bereich <strong><a href=\"https:\/\/www.bildzeuge.de\/?page_id=15\" target=\"_blank\">Lebensraum &gt; Urbanes Land<\/a> <\/strong>mit meine Handykamera skizzierte und ein paar erkl\u00e4rende S\u00e4tze schrieb.<\/p>\n<p><a href=\"https:\/\/www.bildzeuge.de\/wp-content\/uploads\/2015\/Westalpen\/Tour\/150922-SM-74bz.jpg\" data-rel=\"lightbox-gallery-5y7a25Pj\" data-rl_title=\"\" data-rl_caption=\"\"><img loading=\"lazy\" decoding=\"async\" class=\"alignnone size-full wp-image-1327\" title=\"\" src=\"https:\/\/www.bildzeuge.de\/wp-content\/uploads\/2015\/Westalpen\/Tour\/150922-SM-74bz.jpg\" alt=\"\" width=\"1200\" height=\"900\" srcset=\"https:\/\/www.bildzeuge.de\/wp-content\/uploads\/2015\/Westalpen\/Tour\/150922-SM-74bz.jpg 1200w, https:\/\/www.bildzeuge.de\/wp-content\/uploads\/2015\/Westalpen\/Tour\/150922-SM-74bz-300x225.jpg 300w, https:\/\/www.bildzeuge.de\/wp-content\/uploads\/2015\/Westalpen\/Tour\/150922-SM-74bz-1100x825.jpg 1100w, https:\/\/www.bildzeuge.de\/wp-content\/uploads\/2015\/Westalpen\/Tour\/150922-SM-74bz-600x450.jpg 600w, https:\/\/www.bildzeuge.de\/wp-content\/uploads\/2015\/Westalpen\/Tour\/150922-SM-74bz-75x56.jpg 75w\" sizes=\"auto, (max-width: 1200px) 100vw, 1200px\" \/><\/a><\/p>\n<p>Ein Bauer, der walserisch-deutsches Italienisch sprach, was uns zu gestischer Verst\u00e4ndigung \u00fcbergehen lie\u00df. Sein Italienisch klang total weich und verschliffen. Meine wenigen S\u00e4tzchen schien er jedoch verstanden zu haben, wie ich an passender Reaktion merkte.<\/p>\n<p><a href=\"https:\/\/www.bildzeuge.de\/wp-content\/uploads\/2015\/Westalpen\/Tour\/150922-SM-61web.jpg\" data-rel=\"lightbox-gallery-5y7a25Pj\" data-rl_title=\"\" data-rl_caption=\"\"><img loading=\"lazy\" decoding=\"async\" class=\"alignnone size-full wp-image-1398\" title=\"\" src=\"https:\/\/www.bildzeuge.de\/wp-content\/uploads\/2015\/Westalpen\/Tour\/150922-SM-61web.jpg\" alt=\"\" width=\"1200\" height=\"900\" srcset=\"https:\/\/www.bildzeuge.de\/wp-content\/uploads\/2015\/Westalpen\/Tour\/150922-SM-61web.jpg 1200w, https:\/\/www.bildzeuge.de\/wp-content\/uploads\/2015\/Westalpen\/Tour\/150922-SM-61web-300x225.jpg 300w, https:\/\/www.bildzeuge.de\/wp-content\/uploads\/2015\/Westalpen\/Tour\/150922-SM-61web-1100x825.jpg 1100w, https:\/\/www.bildzeuge.de\/wp-content\/uploads\/2015\/Westalpen\/Tour\/150922-SM-61web-600x450.jpg 600w, https:\/\/www.bildzeuge.de\/wp-content\/uploads\/2015\/Westalpen\/Tour\/150922-SM-61web-75x56.jpg 75w\" sizes=\"auto, (max-width: 1200px) 100vw, 1200px\" \/><\/a><\/p>\n<p><a href=\"https:\/\/www.bildzeuge.de\/wp-content\/uploads\/2015\/Westalpen\/Tour\/150922-SM-94bz.jpg\" data-rel=\"lightbox-gallery-5y7a25Pj\" data-rl_title=\"\" data-rl_caption=\"\"><img loading=\"lazy\" decoding=\"async\" class=\"alignnone size-full wp-image-1328\" title=\"\" src=\"https:\/\/www.bildzeuge.de\/wp-content\/uploads\/2015\/Westalpen\/Tour\/150922-SM-94bz.jpg\" alt=\"\" width=\"1200\" height=\"900\" srcset=\"https:\/\/www.bildzeuge.de\/wp-content\/uploads\/2015\/Westalpen\/Tour\/150922-SM-94bz.jpg 1200w, https:\/\/www.bildzeuge.de\/wp-content\/uploads\/2015\/Westalpen\/Tour\/150922-SM-94bz-300x225.jpg 300w, https:\/\/www.bildzeuge.de\/wp-content\/uploads\/2015\/Westalpen\/Tour\/150922-SM-94bz-1100x825.jpg 1100w, https:\/\/www.bildzeuge.de\/wp-content\/uploads\/2015\/Westalpen\/Tour\/150922-SM-94bz-600x450.jpg 600w, https:\/\/www.bildzeuge.de\/wp-content\/uploads\/2015\/Westalpen\/Tour\/150922-SM-94bz-75x56.jpg 75w\" sizes=\"auto, (max-width: 1200px) 100vw, 1200px\" \/><\/a><\/p>\n<p><a href=\"https:\/\/www.bildzeuge.de\/wp-content\/uploads\/2015\/Westalpen\/Tour\/150922-SM-125bz.jpg\" data-rel=\"lightbox-gallery-5y7a25Pj\" data-rl_title=\"\" data-rl_caption=\"\"><img loading=\"lazy\" decoding=\"async\" class=\"alignnone size-full wp-image-1331\" title=\"\" src=\"https:\/\/www.bildzeuge.de\/wp-content\/uploads\/2015\/Westalpen\/Tour\/150922-SM-125bz.jpg\" alt=\"\" width=\"1200\" height=\"900\" srcset=\"https:\/\/www.bildzeuge.de\/wp-content\/uploads\/2015\/Westalpen\/Tour\/150922-SM-125bz.jpg 1200w, https:\/\/www.bildzeuge.de\/wp-content\/uploads\/2015\/Westalpen\/Tour\/150922-SM-125bz-300x225.jpg 300w, https:\/\/www.bildzeuge.de\/wp-content\/uploads\/2015\/Westalpen\/Tour\/150922-SM-125bz-1100x825.jpg 1100w, https:\/\/www.bildzeuge.de\/wp-content\/uploads\/2015\/Westalpen\/Tour\/150922-SM-125bz-600x450.jpg 600w, https:\/\/www.bildzeuge.de\/wp-content\/uploads\/2015\/Westalpen\/Tour\/150922-SM-125bz-75x56.jpg 75w\" sizes=\"auto, (max-width: 1200px) 100vw, 1200px\" \/><\/a><\/p>\n<p><a href=\"https:\/\/www.bildzeuge.de\/wp-content\/uploads\/2015\/Westalpen\/Tour\/150922-SM-101bz.jpg\" data-rel=\"lightbox-gallery-5y7a25Pj\" data-rl_title=\"\" data-rl_caption=\"\"><img loading=\"lazy\" decoding=\"async\" class=\"alignnone size-full wp-image-1330\" title=\"\" src=\"https:\/\/www.bildzeuge.de\/wp-content\/uploads\/2015\/Westalpen\/Tour\/150922-SM-101bz.jpg\" alt=\"\" width=\"1200\" height=\"900\" srcset=\"https:\/\/www.bildzeuge.de\/wp-content\/uploads\/2015\/Westalpen\/Tour\/150922-SM-101bz.jpg 1200w, https:\/\/www.bildzeuge.de\/wp-content\/uploads\/2015\/Westalpen\/Tour\/150922-SM-101bz-300x225.jpg 300w, https:\/\/www.bildzeuge.de\/wp-content\/uploads\/2015\/Westalpen\/Tour\/150922-SM-101bz-1100x825.jpg 1100w, https:\/\/www.bildzeuge.de\/wp-content\/uploads\/2015\/Westalpen\/Tour\/150922-SM-101bz-600x450.jpg 600w, https:\/\/www.bildzeuge.de\/wp-content\/uploads\/2015\/Westalpen\/Tour\/150922-SM-101bz-75x56.jpg 75w\" sizes=\"auto, (max-width: 1200px) 100vw, 1200px\" \/><\/a><\/p>\n<p><a href=\"https:\/\/www.bildzeuge.de\/wp-content\/uploads\/2015\/Westalpen\/Tour\/150923-SM-151bz.jpg\" data-rel=\"lightbox-gallery-5y7a25Pj\" data-rl_title=\"\" data-rl_caption=\"\"><img loading=\"lazy\" decoding=\"async\" class=\"alignnone size-full wp-image-1332\" title=\"\" src=\"https:\/\/www.bildzeuge.de\/wp-content\/uploads\/2015\/Westalpen\/Tour\/150923-SM-151bz.jpg\" alt=\"\" width=\"1200\" height=\"801\" srcset=\"https:\/\/www.bildzeuge.de\/wp-content\/uploads\/2015\/Westalpen\/Tour\/150923-SM-151bz.jpg 1200w, https:\/\/www.bildzeuge.de\/wp-content\/uploads\/2015\/Westalpen\/Tour\/150923-SM-151bz-300x200.jpg 300w, https:\/\/www.bildzeuge.de\/wp-content\/uploads\/2015\/Westalpen\/Tour\/150923-SM-151bz-1100x734.jpg 1100w, https:\/\/www.bildzeuge.de\/wp-content\/uploads\/2015\/Westalpen\/Tour\/150923-SM-151bz-600x401.jpg 600w, https:\/\/www.bildzeuge.de\/wp-content\/uploads\/2015\/Westalpen\/Tour\/150923-SM-151bz-75x50.jpg 75w\" sizes=\"auto, (max-width: 1200px) 100vw, 1200px\" \/><\/a><\/p>\n<p><a href=\"https:\/\/www.bildzeuge.de\/wp-content\/uploads\/2015\/Westalpen\/Tour\/150922-SM-99bz.jpg\" data-rel=\"lightbox-gallery-5y7a25Pj\" data-rl_title=\"\" data-rl_caption=\"\"><img loading=\"lazy\" decoding=\"async\" class=\"alignnone size-full wp-image-1329\" title=\"\" src=\"https:\/\/www.bildzeuge.de\/wp-content\/uploads\/2015\/Westalpen\/Tour\/150922-SM-99bz.jpg\" alt=\"\" width=\"1200\" height=\"900\" srcset=\"https:\/\/www.bildzeuge.de\/wp-content\/uploads\/2015\/Westalpen\/Tour\/150922-SM-99bz.jpg 1200w, https:\/\/www.bildzeuge.de\/wp-content\/uploads\/2015\/Westalpen\/Tour\/150922-SM-99bz-300x225.jpg 300w, https:\/\/www.bildzeuge.de\/wp-content\/uploads\/2015\/Westalpen\/Tour\/150922-SM-99bz-1100x825.jpg 1100w, https:\/\/www.bildzeuge.de\/wp-content\/uploads\/2015\/Westalpen\/Tour\/150922-SM-99bz-600x450.jpg 600w, https:\/\/www.bildzeuge.de\/wp-content\/uploads\/2015\/Westalpen\/Tour\/150922-SM-99bz-75x56.jpg 75w\" sizes=\"auto, (max-width: 1200px) 100vw, 1200px\" \/><\/a><\/p>\n<p><a href=\"https:\/\/www.bildzeuge.de\/wp-content\/uploads\/2015\/Westalpen\/Tour\/150923-SM-169bz.jpg\" data-rel=\"lightbox-gallery-5y7a25Pj\" data-rl_title=\"\" data-rl_caption=\"\"><img loading=\"lazy\" decoding=\"async\" class=\"alignnone size-full wp-image-1334\" title=\"\" src=\"https:\/\/www.bildzeuge.de\/wp-content\/uploads\/2015\/Westalpen\/Tour\/150923-SM-169bz.jpg\" alt=\"\" width=\"1200\" height=\"801\" srcset=\"https:\/\/www.bildzeuge.de\/wp-content\/uploads\/2015\/Westalpen\/Tour\/150923-SM-169bz.jpg 1200w, https:\/\/www.bildzeuge.de\/wp-content\/uploads\/2015\/Westalpen\/Tour\/150923-SM-169bz-300x200.jpg 300w, https:\/\/www.bildzeuge.de\/wp-content\/uploads\/2015\/Westalpen\/Tour\/150923-SM-169bz-1100x734.jpg 1100w, https:\/\/www.bildzeuge.de\/wp-content\/uploads\/2015\/Westalpen\/Tour\/150923-SM-169bz-600x401.jpg 600w, https:\/\/www.bildzeuge.de\/wp-content\/uploads\/2015\/Westalpen\/Tour\/150923-SM-169bz-75x50.jpg 75w\" sizes=\"auto, (max-width: 1200px) 100vw, 1200px\" \/><\/a><\/p>\n<p>Gleich sind wir \u00fcber die erste Scharte der vor uns liegenden Bergkette, zwei \u00dcberquerungen folgen noch. Es fing an zu schneien, was uns lieber war als Regen, da die Felsensteine rutschig geworden w\u00e4ren.<\/p>\n<p><a href=\"https:\/\/www.bildzeuge.de\/wp-content\/uploads\/2015\/Westalpen\/Tour\/150923-SM-166bz.jpg\" data-rel=\"lightbox-gallery-5y7a25Pj\" data-rl_title=\"\" data-rl_caption=\"\"><img loading=\"lazy\" decoding=\"async\" class=\"alignnone size-full wp-image-1333\" title=\"\" src=\"https:\/\/www.bildzeuge.de\/wp-content\/uploads\/2015\/Westalpen\/Tour\/150923-SM-166bz.jpg\" alt=\"\" width=\"1200\" height=\"801\" srcset=\"https:\/\/www.bildzeuge.de\/wp-content\/uploads\/2015\/Westalpen\/Tour\/150923-SM-166bz.jpg 1200w, https:\/\/www.bildzeuge.de\/wp-content\/uploads\/2015\/Westalpen\/Tour\/150923-SM-166bz-300x200.jpg 300w, https:\/\/www.bildzeuge.de\/wp-content\/uploads\/2015\/Westalpen\/Tour\/150923-SM-166bz-1100x734.jpg 1100w, https:\/\/www.bildzeuge.de\/wp-content\/uploads\/2015\/Westalpen\/Tour\/150923-SM-166bz-600x401.jpg 600w, https:\/\/www.bildzeuge.de\/wp-content\/uploads\/2015\/Westalpen\/Tour\/150923-SM-166bz-75x50.jpg 75w\" sizes=\"auto, (max-width: 1200px) 100vw, 1200px\" \/><\/a><\/p>\n<p><a href=\"https:\/\/www.bildzeuge.de\/wp-content\/uploads\/2015\/Westalpen\/Tour\/150923-SM-177bz.jpg\" data-rel=\"lightbox-gallery-5y7a25Pj\" data-rl_title=\"\" data-rl_caption=\"\"><img loading=\"lazy\" decoding=\"async\" class=\"alignnone size-full wp-image-1335\" title=\"\" src=\"https:\/\/www.bildzeuge.de\/wp-content\/uploads\/2015\/Westalpen\/Tour\/150923-SM-177bz.jpg\" alt=\"\" width=\"1200\" height=\"801\" srcset=\"https:\/\/www.bildzeuge.de\/wp-content\/uploads\/2015\/Westalpen\/Tour\/150923-SM-177bz.jpg 1200w, https:\/\/www.bildzeuge.de\/wp-content\/uploads\/2015\/Westalpen\/Tour\/150923-SM-177bz-300x200.jpg 300w, https:\/\/www.bildzeuge.de\/wp-content\/uploads\/2015\/Westalpen\/Tour\/150923-SM-177bz-1100x734.jpg 1100w, https:\/\/www.bildzeuge.de\/wp-content\/uploads\/2015\/Westalpen\/Tour\/150923-SM-177bz-600x401.jpg 600w, https:\/\/www.bildzeuge.de\/wp-content\/uploads\/2015\/Westalpen\/Tour\/150923-SM-177bz-75x50.jpg 75w\" sizes=\"auto, (max-width: 1200px) 100vw, 1200px\" \/><\/a><\/p>\n<p>Bei N\u00e4sse w\u00e4re der Abstieg schwierig geworden, obgleich es auf dem Foto gar nicht hoch wirkt. Okay, runter und weiter.<\/p>\n<p><a href=\"https:\/\/www.bildzeuge.de\/wp-content\/uploads\/2015\/Westalpen\/Tour\/150923-SM-181bz.jpg\" data-rel=\"lightbox-gallery-5y7a25Pj\" data-rl_title=\"\" data-rl_caption=\"\"><img loading=\"lazy\" decoding=\"async\" class=\"alignnone size-full wp-image-1336\" title=\"\" src=\"https:\/\/www.bildzeuge.de\/wp-content\/uploads\/2015\/Westalpen\/Tour\/150923-SM-181bz.jpg\" alt=\"\" width=\"1200\" height=\"801\" srcset=\"https:\/\/www.bildzeuge.de\/wp-content\/uploads\/2015\/Westalpen\/Tour\/150923-SM-181bz.jpg 1200w, https:\/\/www.bildzeuge.de\/wp-content\/uploads\/2015\/Westalpen\/Tour\/150923-SM-181bz-300x200.jpg 300w, https:\/\/www.bildzeuge.de\/wp-content\/uploads\/2015\/Westalpen\/Tour\/150923-SM-181bz-1100x734.jpg 1100w, https:\/\/www.bildzeuge.de\/wp-content\/uploads\/2015\/Westalpen\/Tour\/150923-SM-181bz-600x401.jpg 600w, https:\/\/www.bildzeuge.de\/wp-content\/uploads\/2015\/Westalpen\/Tour\/150923-SM-181bz-75x50.jpg 75w\" sizes=\"auto, (max-width: 1200px) 100vw, 1200px\" \/><\/a><\/p>\n<p><a href=\"https:\/\/www.bildzeuge.de\/wp-content\/uploads\/2015\/Westalpen\/Tour\/150923-SM-187bz.jpg\" data-rel=\"lightbox-gallery-5y7a25Pj\" data-rl_title=\"\" data-rl_caption=\"\"><img loading=\"lazy\" decoding=\"async\" class=\"alignnone size-full wp-image-1337\" title=\"\" src=\"https:\/\/www.bildzeuge.de\/wp-content\/uploads\/2015\/Westalpen\/Tour\/150923-SM-187bz.jpg\" alt=\"\" width=\"1200\" height=\"801\" srcset=\"https:\/\/www.bildzeuge.de\/wp-content\/uploads\/2015\/Westalpen\/Tour\/150923-SM-187bz.jpg 1200w, https:\/\/www.bildzeuge.de\/wp-content\/uploads\/2015\/Westalpen\/Tour\/150923-SM-187bz-300x200.jpg 300w, https:\/\/www.bildzeuge.de\/wp-content\/uploads\/2015\/Westalpen\/Tour\/150923-SM-187bz-1100x734.jpg 1100w, https:\/\/www.bildzeuge.de\/wp-content\/uploads\/2015\/Westalpen\/Tour\/150923-SM-187bz-600x401.jpg 600w, https:\/\/www.bildzeuge.de\/wp-content\/uploads\/2015\/Westalpen\/Tour\/150923-SM-187bz-75x50.jpg 75w\" sizes=\"auto, (max-width: 1200px) 100vw, 1200px\" \/><\/a><\/p>\n<p>N\u00e4chste Scharte auf 2400 Metern erm\u00f6glicht einen Blick nach Westen ins Aosta-Tal.<\/p>\n<p><a href=\"https:\/\/www.bildzeuge.de\/wp-content\/uploads\/2015\/Westalpen\/Tour\/150923-SM-190bz.jpg\" data-rel=\"lightbox-gallery-5y7a25Pj\" data-rl_title=\"\" data-rl_caption=\"\"><img loading=\"lazy\" decoding=\"async\" class=\"alignnone size-full wp-image-1338\" title=\"\" src=\"https:\/\/www.bildzeuge.de\/wp-content\/uploads\/2015\/Westalpen\/Tour\/150923-SM-190bz.jpg\" alt=\"\" width=\"1200\" height=\"801\" srcset=\"https:\/\/www.bildzeuge.de\/wp-content\/uploads\/2015\/Westalpen\/Tour\/150923-SM-190bz.jpg 1200w, https:\/\/www.bildzeuge.de\/wp-content\/uploads\/2015\/Westalpen\/Tour\/150923-SM-190bz-300x200.jpg 300w, https:\/\/www.bildzeuge.de\/wp-content\/uploads\/2015\/Westalpen\/Tour\/150923-SM-190bz-1100x734.jpg 1100w, https:\/\/www.bildzeuge.de\/wp-content\/uploads\/2015\/Westalpen\/Tour\/150923-SM-190bz-600x401.jpg 600w, https:\/\/www.bildzeuge.de\/wp-content\/uploads\/2015\/Westalpen\/Tour\/150923-SM-190bz-75x50.jpg 75w\" sizes=\"auto, (max-width: 1200px) 100vw, 1200px\" \/><\/a><\/p>\n<p><a href=\"https:\/\/www.bildzeuge.de\/wp-content\/uploads\/2015\/Westalpen\/Tour\/150923-SM-193bz.jpg\" data-rel=\"lightbox-gallery-5y7a25Pj\" data-rl_title=\"\" data-rl_caption=\"\"><img loading=\"lazy\" decoding=\"async\" class=\"alignnone size-full wp-image-1339\" title=\"\" src=\"https:\/\/www.bildzeuge.de\/wp-content\/uploads\/2015\/Westalpen\/Tour\/150923-SM-193bz.jpg\" alt=\"\" width=\"1200\" height=\"801\" srcset=\"https:\/\/www.bildzeuge.de\/wp-content\/uploads\/2015\/Westalpen\/Tour\/150923-SM-193bz.jpg 1200w, https:\/\/www.bildzeuge.de\/wp-content\/uploads\/2015\/Westalpen\/Tour\/150923-SM-193bz-300x200.jpg 300w, https:\/\/www.bildzeuge.de\/wp-content\/uploads\/2015\/Westalpen\/Tour\/150923-SM-193bz-1100x734.jpg 1100w, https:\/\/www.bildzeuge.de\/wp-content\/uploads\/2015\/Westalpen\/Tour\/150923-SM-193bz-600x401.jpg 600w, https:\/\/www.bildzeuge.de\/wp-content\/uploads\/2015\/Westalpen\/Tour\/150923-SM-193bz-75x50.jpg 75w\" sizes=\"auto, (max-width: 1200px) 100vw, 1200px\" \/><\/a><\/p>\n<p><a href=\"https:\/\/www.bildzeuge.de\/wp-content\/uploads\/2015\/Westalpen\/Tour\/150923-UD-100bz.jpg\" data-rel=\"lightbox-gallery-5y7a25Pj\" data-rl_title=\"\" data-rl_caption=\"\"><img loading=\"lazy\" decoding=\"async\" class=\"alignnone size-full wp-image-1342\" title=\"\" src=\"https:\/\/www.bildzeuge.de\/wp-content\/uploads\/2015\/Westalpen\/Tour\/150923-UD-100bz.jpg\" alt=\"\" width=\"1200\" height=\"900\" srcset=\"https:\/\/www.bildzeuge.de\/wp-content\/uploads\/2015\/Westalpen\/Tour\/150923-UD-100bz.jpg 1200w, https:\/\/www.bildzeuge.de\/wp-content\/uploads\/2015\/Westalpen\/Tour\/150923-UD-100bz-300x225.jpg 300w, https:\/\/www.bildzeuge.de\/wp-content\/uploads\/2015\/Westalpen\/Tour\/150923-UD-100bz-1100x825.jpg 1100w, https:\/\/www.bildzeuge.de\/wp-content\/uploads\/2015\/Westalpen\/Tour\/150923-UD-100bz-600x450.jpg 600w, https:\/\/www.bildzeuge.de\/wp-content\/uploads\/2015\/Westalpen\/Tour\/150923-UD-100bz-75x56.jpg 75w\" sizes=\"auto, (max-width: 1200px) 100vw, 1200px\" \/><\/a><\/p>\n<p>Letzte Bergscharte des Tages und nun geht es 1400 Meter runter, doch nach etwa 100 Metern steht uns das Winterquartier einer geschlossenen Bergh\u00fctte zur \u00dcbernachtung bereit &#8211; hoffentlich.<\/p>\n<p><a href=\"https:\/\/www.bildzeuge.de\/wp-content\/uploads\/2015\/Westalpen\/Tour\/150923-SM-205bz.jpg\" data-rel=\"lightbox-gallery-5y7a25Pj\" data-rl_title=\"\" data-rl_caption=\"\"><img loading=\"lazy\" decoding=\"async\" class=\"alignnone size-full wp-image-1341\" title=\"\" src=\"https:\/\/www.bildzeuge.de\/wp-content\/uploads\/2015\/Westalpen\/Tour\/150923-SM-205bz.jpg\" alt=\"\" width=\"1200\" height=\"801\" srcset=\"https:\/\/www.bildzeuge.de\/wp-content\/uploads\/2015\/Westalpen\/Tour\/150923-SM-205bz.jpg 1200w, https:\/\/www.bildzeuge.de\/wp-content\/uploads\/2015\/Westalpen\/Tour\/150923-SM-205bz-300x200.jpg 300w, https:\/\/www.bildzeuge.de\/wp-content\/uploads\/2015\/Westalpen\/Tour\/150923-SM-205bz-1100x734.jpg 1100w, https:\/\/www.bildzeuge.de\/wp-content\/uploads\/2015\/Westalpen\/Tour\/150923-SM-205bz-600x401.jpg 600w, https:\/\/www.bildzeuge.de\/wp-content\/uploads\/2015\/Westalpen\/Tour\/150923-SM-205bz-75x50.jpg 75w\" sizes=\"auto, (max-width: 1200px) 100vw, 1200px\" \/><\/a><\/p>\n<p>Kaum zu erkennen, doch auf dem kleinen Vorsprung steht die H\u00fctte. Es wurde recht kalt, nachts &#8211; 6\u00b0C, aber am Morgen stand ein knapp 70J\u00e4hriger da oben vor uns, der nach dem Fr\u00fchst\u00fcck in kurzen Hosen die 1300 H\u00f6henmeter hochgesaust kam und noch weiter wollte.<br \/>\nIch fragte, ob ihm nicht kalt war, denn wir beide k\u00e4mpften noch mit der n\u00e4chtlich in uns gedrungenen Frostigkeit. Er verneinte und sah auch eher sportlich-erhitzt aus. Also, diese jungen Leute wieder &#8211; ach nein, das war ja ein alter Kerl!<\/p>\n<p><a href=\"https:\/\/www.bildzeuge.de\/wp-content\/uploads\/2015\/Westalpen\/Tour\/150923-SM-202bz.jpg\" data-rel=\"lightbox-gallery-5y7a25Pj\" data-rl_title=\"\" data-rl_caption=\"\"><img loading=\"lazy\" decoding=\"async\" class=\"alignnone size-full wp-image-1340\" title=\"\" src=\"https:\/\/www.bildzeuge.de\/wp-content\/uploads\/2015\/Westalpen\/Tour\/150923-SM-202bz.jpg\" alt=\"\" width=\"1200\" height=\"801\" srcset=\"https:\/\/www.bildzeuge.de\/wp-content\/uploads\/2015\/Westalpen\/Tour\/150923-SM-202bz.jpg 1200w, https:\/\/www.bildzeuge.de\/wp-content\/uploads\/2015\/Westalpen\/Tour\/150923-SM-202bz-300x200.jpg 300w, https:\/\/www.bildzeuge.de\/wp-content\/uploads\/2015\/Westalpen\/Tour\/150923-SM-202bz-1100x734.jpg 1100w, https:\/\/www.bildzeuge.de\/wp-content\/uploads\/2015\/Westalpen\/Tour\/150923-SM-202bz-600x401.jpg 600w, https:\/\/www.bildzeuge.de\/wp-content\/uploads\/2015\/Westalpen\/Tour\/150923-SM-202bz-75x50.jpg 75w\" sizes=\"auto, (max-width: 1200px) 100vw, 1200px\" \/><\/a><\/p>\n<p>Dieses Kloster war Tagesziel. Leider hatte es entgegen aktueller Angaben geschlossen. Man nahm uns trotzdem auf, aber dicke W\u00e4nde halten auch sch\u00f6n kalt. Wir wurden exquisit bek\u00f6stigt mit vier G\u00e4ngen am Abend und einem Fr\u00fchst\u00fccksschmaus am Morgen danach.<\/p>\n<p><a href=\"https:\/\/www.bildzeuge.de\/wp-content\/uploads\/2015\/Westalpen\/Tour\/150925-SM-222bz.jpg\" data-rel=\"lightbox-gallery-5y7a25Pj\" data-rl_title=\"\" data-rl_caption=\"\"><img loading=\"lazy\" decoding=\"async\" class=\"alignnone size-full wp-image-1345\" title=\"\" src=\"https:\/\/www.bildzeuge.de\/wp-content\/uploads\/2015\/Westalpen\/Tour\/150925-SM-222bz.jpg\" alt=\"\" width=\"1300\" height=\"868\" srcset=\"https:\/\/www.bildzeuge.de\/wp-content\/uploads\/2015\/Westalpen\/Tour\/150925-SM-222bz.jpg 1300w, https:\/\/www.bildzeuge.de\/wp-content\/uploads\/2015\/Westalpen\/Tour\/150925-SM-222bz-300x200.jpg 300w, https:\/\/www.bildzeuge.de\/wp-content\/uploads\/2015\/Westalpen\/Tour\/150925-SM-222bz-1100x734.jpg 1100w, https:\/\/www.bildzeuge.de\/wp-content\/uploads\/2015\/Westalpen\/Tour\/150925-SM-222bz-600x401.jpg 600w, https:\/\/www.bildzeuge.de\/wp-content\/uploads\/2015\/Westalpen\/Tour\/150925-SM-222bz-75x50.jpg 75w\" sizes=\"auto, (max-width: 1300px) 100vw, 1300px\" \/><\/a><\/p>\n<p>Schnell liegt der Innenhof im Schatten. Links im 3. Stock war unser Zimmer, mittiges Fenster.<\/p>\n<p><a href=\"https:\/\/www.bildzeuge.de\/wp-content\/uploads\/2015\/Westalpen\/Tour\/150924-SM-216bz.jpg\" data-rel=\"lightbox-gallery-5y7a25Pj\" data-rl_title=\"\" data-rl_caption=\"\"><img loading=\"lazy\" decoding=\"async\" class=\"alignnone size-full wp-image-1343\" title=\"\" src=\"https:\/\/www.bildzeuge.de\/wp-content\/uploads\/2015\/Westalpen\/Tour\/150924-SM-216bz.jpg\" alt=\"\" width=\"1200\" height=\"801\" srcset=\"https:\/\/www.bildzeuge.de\/wp-content\/uploads\/2015\/Westalpen\/Tour\/150924-SM-216bz.jpg 1200w, https:\/\/www.bildzeuge.de\/wp-content\/uploads\/2015\/Westalpen\/Tour\/150924-SM-216bz-300x200.jpg 300w, https:\/\/www.bildzeuge.de\/wp-content\/uploads\/2015\/Westalpen\/Tour\/150924-SM-216bz-1100x734.jpg 1100w, https:\/\/www.bildzeuge.de\/wp-content\/uploads\/2015\/Westalpen\/Tour\/150924-SM-216bz-600x401.jpg 600w, https:\/\/www.bildzeuge.de\/wp-content\/uploads\/2015\/Westalpen\/Tour\/150924-SM-216bz-75x50.jpg 75w\" sizes=\"auto, (max-width: 1200px) 100vw, 1200px\" \/><\/a><\/p>\n<p>Ob da nun gelehrig in der Bibel gelesen wurde, kann ich nicht mit Sicherheit sagen?<\/p>\n<p><a href=\"https:\/\/www.bildzeuge.de\/wp-content\/uploads\/2015\/Westalpen\/Tour\/150924-SM-218web.jpg\" data-rel=\"lightbox-gallery-5y7a25Pj\" data-rl_title=\"\" data-rl_caption=\"\"><img loading=\"lazy\" decoding=\"async\" class=\"alignnone size-full wp-image-1399\" title=\"\" src=\"https:\/\/www.bildzeuge.de\/wp-content\/uploads\/2015\/Westalpen\/Tour\/150924-SM-218web.jpg\" alt=\"\" width=\"1200\" height=\"801\" srcset=\"https:\/\/www.bildzeuge.de\/wp-content\/uploads\/2015\/Westalpen\/Tour\/150924-SM-218web.jpg 1200w, https:\/\/www.bildzeuge.de\/wp-content\/uploads\/2015\/Westalpen\/Tour\/150924-SM-218web-300x200.jpg 300w, https:\/\/www.bildzeuge.de\/wp-content\/uploads\/2015\/Westalpen\/Tour\/150924-SM-218web-1100x734.jpg 1100w, https:\/\/www.bildzeuge.de\/wp-content\/uploads\/2015\/Westalpen\/Tour\/150924-SM-218web-600x401.jpg 600w, https:\/\/www.bildzeuge.de\/wp-content\/uploads\/2015\/Westalpen\/Tour\/150924-SM-218web-75x50.jpg 75w\" sizes=\"auto, (max-width: 1200px) 100vw, 1200px\" \/><\/a><\/p>\n<p>Ein Ristorante auf dem Weg mit sch\u00f6ner Aussicht.<\/p>\n<p><a href=\"https:\/\/www.bildzeuge.de\/wp-content\/uploads\/2015\/Westalpen\/Tour\/150925-SM-232bz.jpg\" data-rel=\"lightbox-gallery-5y7a25Pj\" data-rl_title=\"\" data-rl_caption=\"\"><img loading=\"lazy\" decoding=\"async\" class=\"alignnone size-full wp-image-1347\" title=\"\" src=\"https:\/\/www.bildzeuge.de\/wp-content\/uploads\/2015\/Westalpen\/Tour\/150925-SM-232bz.jpg\" alt=\"\" width=\"1200\" height=\"900\" srcset=\"https:\/\/www.bildzeuge.de\/wp-content\/uploads\/2015\/Westalpen\/Tour\/150925-SM-232bz.jpg 1200w, https:\/\/www.bildzeuge.de\/wp-content\/uploads\/2015\/Westalpen\/Tour\/150925-SM-232bz-300x225.jpg 300w, https:\/\/www.bildzeuge.de\/wp-content\/uploads\/2015\/Westalpen\/Tour\/150925-SM-232bz-1100x825.jpg 1100w, https:\/\/www.bildzeuge.de\/wp-content\/uploads\/2015\/Westalpen\/Tour\/150925-SM-232bz-600x450.jpg 600w, https:\/\/www.bildzeuge.de\/wp-content\/uploads\/2015\/Westalpen\/Tour\/150925-SM-232bz-75x56.jpg 75w\" sizes=\"auto, (max-width: 1200px) 100vw, 1200px\" \/><\/a><\/p>\n<p><a href=\"https:\/\/www.bildzeuge.de\/wp-content\/uploads\/2015\/Westalpen\/Tour\/150925-UD-122bz.jpg\" data-rel=\"lightbox-gallery-5y7a25Pj\" data-rl_title=\"\" data-rl_caption=\"\"><img loading=\"lazy\" decoding=\"async\" class=\"alignnone size-full wp-image-1352\" title=\"\" src=\"https:\/\/www.bildzeuge.de\/wp-content\/uploads\/2015\/Westalpen\/Tour\/150925-UD-122bz.jpg\" alt=\"\" width=\"1200\" height=\"900\" srcset=\"https:\/\/www.bildzeuge.de\/wp-content\/uploads\/2015\/Westalpen\/Tour\/150925-UD-122bz.jpg 1200w, https:\/\/www.bildzeuge.de\/wp-content\/uploads\/2015\/Westalpen\/Tour\/150925-UD-122bz-300x225.jpg 300w, https:\/\/www.bildzeuge.de\/wp-content\/uploads\/2015\/Westalpen\/Tour\/150925-UD-122bz-1100x825.jpg 1100w, https:\/\/www.bildzeuge.de\/wp-content\/uploads\/2015\/Westalpen\/Tour\/150925-UD-122bz-600x450.jpg 600w, https:\/\/www.bildzeuge.de\/wp-content\/uploads\/2015\/Westalpen\/Tour\/150925-UD-122bz-75x56.jpg 75w\" sizes=\"auto, (max-width: 1200px) 100vw, 1200px\" \/><\/a><\/p>\n<p>Ankunft in <a href=\"https:\/\/de.wikipedia.org\/wiki\/Wallfahrtskirche_von_Oropa\" target=\"_blank\"><strong>Oropa &#8211; <\/strong><\/a>ein Ort, der eigentlich nur aus Klosteranlagen und Nebengeb\u00e4uden besteht und gr\u00f6\u00dfte <strong><a href=\"http:\/\/212.25.185.207\/deu\/fede\/oropa.html\" target=\"_blank\">Wallfahrtsst\u00e4tte<\/a><\/strong> der Alpen ist. Eigentlich wollten wir nicht Quartier nehmen, doch bot sich die M\u00f6glichkeit, von hier nochmals bei sonnigem Wetter Abschied von den Alpen zu nehmen und auf den ca. 2500 Meter hohen Monte Camino zu sausen. Rucksack abwerfen und los, denn so sind wir leicht wie die G\u00e4msen!<\/p>\n<p><a href=\"https:\/\/www.bildzeuge.de\/wp-content\/uploads\/2015\/Westalpen\/Tour\/150925-SM-238bz.jpg\" data-rel=\"lightbox-gallery-5y7a25Pj\" data-rl_title=\"\" data-rl_caption=\"\"><img loading=\"lazy\" decoding=\"async\" class=\"alignnone size-full wp-image-1349\" title=\"\" src=\"https:\/\/www.bildzeuge.de\/wp-content\/uploads\/2015\/Westalpen\/Tour\/150925-SM-238bz.jpg\" alt=\"\" width=\"1300\" height=\"868\" srcset=\"https:\/\/www.bildzeuge.de\/wp-content\/uploads\/2015\/Westalpen\/Tour\/150925-SM-238bz.jpg 1300w, https:\/\/www.bildzeuge.de\/wp-content\/uploads\/2015\/Westalpen\/Tour\/150925-SM-238bz-300x200.jpg 300w, https:\/\/www.bildzeuge.de\/wp-content\/uploads\/2015\/Westalpen\/Tour\/150925-SM-238bz-1100x734.jpg 1100w, https:\/\/www.bildzeuge.de\/wp-content\/uploads\/2015\/Westalpen\/Tour\/150925-SM-238bz-600x401.jpg 600w, https:\/\/www.bildzeuge.de\/wp-content\/uploads\/2015\/Westalpen\/Tour\/150925-SM-238bz-75x50.jpg 75w\" sizes=\"auto, (max-width: 1300px) 100vw, 1300px\" \/><\/a><\/p>\n<p>Wir konnten 360\u00b0 um uns blicken &#8211; im Nordwesten den Mont Blanc, das Matterhorn n\u00f6rdlicher und hier schneebedeckt das Monte-Rosa-Massiv. Im Osten sahen wir die Ostalpen, also auch den Dolomitenbereich mit Schnee und im S\u00fcden den Kegel des Monviso.<\/p>\n<p><a href=\"https:\/\/www.bildzeuge.de\/wp-content\/uploads\/2015\/Westalpen\/Tour\/150925-SM-249bz.jpg\" data-rel=\"lightbox-gallery-5y7a25Pj\" data-rl_title=\"\" data-rl_caption=\"\"><img loading=\"lazy\" decoding=\"async\" class=\"alignnone size-full wp-image-1350\" title=\"\" src=\"https:\/\/www.bildzeuge.de\/wp-content\/uploads\/2015\/Westalpen\/Tour\/150925-SM-249bz.jpg\" alt=\"\" width=\"1200\" height=\"801\" srcset=\"https:\/\/www.bildzeuge.de\/wp-content\/uploads\/2015\/Westalpen\/Tour\/150925-SM-249bz.jpg 1200w, https:\/\/www.bildzeuge.de\/wp-content\/uploads\/2015\/Westalpen\/Tour\/150925-SM-249bz-300x200.jpg 300w, https:\/\/www.bildzeuge.de\/wp-content\/uploads\/2015\/Westalpen\/Tour\/150925-SM-249bz-1100x734.jpg 1100w, https:\/\/www.bildzeuge.de\/wp-content\/uploads\/2015\/Westalpen\/Tour\/150925-SM-249bz-600x401.jpg 600w, https:\/\/www.bildzeuge.de\/wp-content\/uploads\/2015\/Westalpen\/Tour\/150925-SM-249bz-75x50.jpg 75w\" sizes=\"auto, (max-width: 1200px) 100vw, 1200px\" \/><\/a><\/p>\n<p><a href=\"https:\/\/www.bildzeuge.de\/wp-content\/uploads\/2015\/Westalpen\/Tour\/150925-SM-250bz.jpg\" data-rel=\"lightbox-gallery-5y7a25Pj\" data-rl_title=\"\" data-rl_caption=\"\"><img loading=\"lazy\" decoding=\"async\" class=\"alignnone size-full wp-image-1351\" title=\"\" src=\"https:\/\/www.bildzeuge.de\/wp-content\/uploads\/2015\/Westalpen\/Tour\/150925-SM-250bz.jpg\" alt=\"\" width=\"1200\" height=\"801\" srcset=\"https:\/\/www.bildzeuge.de\/wp-content\/uploads\/2015\/Westalpen\/Tour\/150925-SM-250bz.jpg 1200w, https:\/\/www.bildzeuge.de\/wp-content\/uploads\/2015\/Westalpen\/Tour\/150925-SM-250bz-300x200.jpg 300w, https:\/\/www.bildzeuge.de\/wp-content\/uploads\/2015\/Westalpen\/Tour\/150925-SM-250bz-1100x734.jpg 1100w, https:\/\/www.bildzeuge.de\/wp-content\/uploads\/2015\/Westalpen\/Tour\/150925-SM-250bz-600x401.jpg 600w, https:\/\/www.bildzeuge.de\/wp-content\/uploads\/2015\/Westalpen\/Tour\/150925-SM-250bz-75x50.jpg 75w\" sizes=\"auto, (max-width: 1200px) 100vw, 1200px\" \/><\/a><\/p>\n<p>Das waren die Zimmer f\u00fcr Besucher, die mit verschiedener Ausstattung zur Verf\u00fcgung stehen.<\/p>\n<p><a href=\"https:\/\/www.bildzeuge.de\/wp-content\/uploads\/2015\/Westalpen\/Tour\/150926-SM-255bz.jpg\" data-rel=\"lightbox-gallery-5y7a25Pj\" data-rl_title=\"\" data-rl_caption=\"\"><img loading=\"lazy\" decoding=\"async\" class=\"alignnone size-full wp-image-1355\" title=\"\" src=\"https:\/\/www.bildzeuge.de\/wp-content\/uploads\/2015\/Westalpen\/Tour\/150926-SM-255bz.jpg\" alt=\"\" width=\"1200\" height=\"801\" srcset=\"https:\/\/www.bildzeuge.de\/wp-content\/uploads\/2015\/Westalpen\/Tour\/150926-SM-255bz.jpg 1200w, https:\/\/www.bildzeuge.de\/wp-content\/uploads\/2015\/Westalpen\/Tour\/150926-SM-255bz-300x200.jpg 300w, https:\/\/www.bildzeuge.de\/wp-content\/uploads\/2015\/Westalpen\/Tour\/150926-SM-255bz-1100x734.jpg 1100w, https:\/\/www.bildzeuge.de\/wp-content\/uploads\/2015\/Westalpen\/Tour\/150926-SM-255bz-600x401.jpg 600w, https:\/\/www.bildzeuge.de\/wp-content\/uploads\/2015\/Westalpen\/Tour\/150926-SM-255bz-75x50.jpg 75w\" sizes=\"auto, (max-width: 1200px) 100vw, 1200px\" \/><\/a><\/p>\n<p>Unser Zimmer mit lustigem Utensil im Nachtschrank. Au\u00dferdem herrschten nach den letzten beiden sehr kalten Unterk\u00fcnften, hier regelrechte Saunaverh\u00e4ltnisse, denn die heizten hier aus einem Schacht, den man nicht verschlie\u00dfen konnte, weil die dicken, alten Mauern m\u00f6glicherweise somit besser instand bleiben, w\u00e4hrend der kalten Jahreszeit.<\/p>\n<p><a href=\"https:\/\/www.bildzeuge.de\/wp-content\/uploads\/2015\/Westalpen\/Tour\/150926-SM-252bz.jpg\" data-rel=\"lightbox-gallery-5y7a25Pj\" data-rl_title=\"\" data-rl_caption=\"\"><img loading=\"lazy\" decoding=\"async\" class=\"alignnone size-full wp-image-1353\" title=\"\" src=\"https:\/\/www.bildzeuge.de\/wp-content\/uploads\/2015\/Westalpen\/Tour\/150926-SM-252bz.jpg\" alt=\"\" width=\"1200\" height=\"900\" srcset=\"https:\/\/www.bildzeuge.de\/wp-content\/uploads\/2015\/Westalpen\/Tour\/150926-SM-252bz.jpg 1200w, https:\/\/www.bildzeuge.de\/wp-content\/uploads\/2015\/Westalpen\/Tour\/150926-SM-252bz-300x225.jpg 300w, https:\/\/www.bildzeuge.de\/wp-content\/uploads\/2015\/Westalpen\/Tour\/150926-SM-252bz-1100x825.jpg 1100w, https:\/\/www.bildzeuge.de\/wp-content\/uploads\/2015\/Westalpen\/Tour\/150926-SM-252bz-600x450.jpg 600w, https:\/\/www.bildzeuge.de\/wp-content\/uploads\/2015\/Westalpen\/Tour\/150926-SM-252bz-75x56.jpg 75w\" sizes=\"auto, (max-width: 1200px) 100vw, 1200px\" \/><\/a><\/p>\n<p>Blick in einen der gestaffelten Innenh\u00f6fe, doch das Fenster war zu klein, um die Hitze deutlich hinauszugeleiten.<\/p>\n<p><a href=\"https:\/\/www.bildzeuge.de\/wp-content\/uploads\/2015\/Westalpen\/Tour\/150926-SM-253bz.jpg\" data-rel=\"lightbox-gallery-5y7a25Pj\" data-rl_title=\"\" data-rl_caption=\"\"><img loading=\"lazy\" decoding=\"async\" class=\"alignnone size-full wp-image-1354\" title=\"\" src=\"https:\/\/www.bildzeuge.de\/wp-content\/uploads\/2015\/Westalpen\/Tour\/150926-SM-253bz.jpg\" alt=\"\" width=\"1200\" height=\"900\" srcset=\"https:\/\/www.bildzeuge.de\/wp-content\/uploads\/2015\/Westalpen\/Tour\/150926-SM-253bz.jpg 1200w, https:\/\/www.bildzeuge.de\/wp-content\/uploads\/2015\/Westalpen\/Tour\/150926-SM-253bz-300x225.jpg 300w, https:\/\/www.bildzeuge.de\/wp-content\/uploads\/2015\/Westalpen\/Tour\/150926-SM-253bz-1100x825.jpg 1100w, https:\/\/www.bildzeuge.de\/wp-content\/uploads\/2015\/Westalpen\/Tour\/150926-SM-253bz-600x450.jpg 600w, https:\/\/www.bildzeuge.de\/wp-content\/uploads\/2015\/Westalpen\/Tour\/150926-SM-253bz-75x56.jpg 75w\" sizes=\"auto, (max-width: 1200px) 100vw, 1200px\" \/><\/a><\/p>\n<p>Das quadratische, offene Fenster im Seitenschenkel rechts, geh\u00f6rte zu unserem Zimmer.<\/p>\n<p><a href=\"https:\/\/www.bildzeuge.de\/wp-content\/uploads\/2015\/Westalpen\/Tour\/150926-SM-261bz.jpg\" data-rel=\"lightbox-gallery-5y7a25Pj\" data-rl_title=\"\" data-rl_caption=\"\"><img loading=\"lazy\" decoding=\"async\" class=\"alignnone size-full wp-image-1357\" title=\"\" src=\"https:\/\/www.bildzeuge.de\/wp-content\/uploads\/2015\/Westalpen\/Tour\/150926-SM-261bz.jpg\" alt=\"\" width=\"1300\" height=\"868\" srcset=\"https:\/\/www.bildzeuge.de\/wp-content\/uploads\/2015\/Westalpen\/Tour\/150926-SM-261bz.jpg 1300w, https:\/\/www.bildzeuge.de\/wp-content\/uploads\/2015\/Westalpen\/Tour\/150926-SM-261bz-300x200.jpg 300w, https:\/\/www.bildzeuge.de\/wp-content\/uploads\/2015\/Westalpen\/Tour\/150926-SM-261bz-1100x734.jpg 1100w, https:\/\/www.bildzeuge.de\/wp-content\/uploads\/2015\/Westalpen\/Tour\/150926-SM-261bz-600x401.jpg 600w, https:\/\/www.bildzeuge.de\/wp-content\/uploads\/2015\/Westalpen\/Tour\/150926-SM-261bz-75x50.jpg 75w\" sizes=\"auto, (max-width: 1300px) 100vw, 1300px\" \/><\/a><\/p>\n<p>Und wieder ziehen Wolken und Nebel auf, aber wir sind jetzt weg &#8230; in Richtung Orta-See.<\/p>\n<p><a href=\"https:\/\/www.bildzeuge.de\/wp-content\/uploads\/2015\/Westalpen\/Tour\/150926-SM-259bz.jpg\" data-rel=\"lightbox-gallery-5y7a25Pj\" data-rl_title=\"\" data-rl_caption=\"\"><img loading=\"lazy\" decoding=\"async\" class=\"alignnone size-full wp-image-1356\" title=\"\" src=\"https:\/\/www.bildzeuge.de\/wp-content\/uploads\/2015\/Westalpen\/Tour\/150926-SM-259bz.jpg\" alt=\"\" width=\"1200\" height=\"801\" srcset=\"https:\/\/www.bildzeuge.de\/wp-content\/uploads\/2015\/Westalpen\/Tour\/150926-SM-259bz.jpg 1200w, https:\/\/www.bildzeuge.de\/wp-content\/uploads\/2015\/Westalpen\/Tour\/150926-SM-259bz-300x200.jpg 300w, https:\/\/www.bildzeuge.de\/wp-content\/uploads\/2015\/Westalpen\/Tour\/150926-SM-259bz-1100x734.jpg 1100w, https:\/\/www.bildzeuge.de\/wp-content\/uploads\/2015\/Westalpen\/Tour\/150926-SM-259bz-600x401.jpg 600w, https:\/\/www.bildzeuge.de\/wp-content\/uploads\/2015\/Westalpen\/Tour\/150926-SM-259bz-75x50.jpg 75w\" sizes=\"auto, (max-width: 1200px) 100vw, 1200px\" \/><\/a><\/p>\n<p>Mit dem Bus und sp\u00e4ter per Zug fuhren wir durch Kleinst\u00e4dte, mit manchen baulichen Hindernissen und Kuhherden.<\/p>\n<p><a href=\"https:\/\/www.bildzeuge.de\/wp-content\/uploads\/2015\/Westalpen\/Tour\/150926-SM-263bz.jpg\" data-rel=\"lightbox-gallery-5y7a25Pj\" data-rl_title=\"\" data-rl_caption=\"\"><img loading=\"lazy\" decoding=\"async\" class=\"alignnone size-full wp-image-1358\" title=\"\" src=\"https:\/\/www.bildzeuge.de\/wp-content\/uploads\/2015\/Westalpen\/Tour\/150926-SM-263bz.jpg\" alt=\"\" width=\"1200\" height=\"801\" srcset=\"https:\/\/www.bildzeuge.de\/wp-content\/uploads\/2015\/Westalpen\/Tour\/150926-SM-263bz.jpg 1200w, https:\/\/www.bildzeuge.de\/wp-content\/uploads\/2015\/Westalpen\/Tour\/150926-SM-263bz-300x200.jpg 300w, https:\/\/www.bildzeuge.de\/wp-content\/uploads\/2015\/Westalpen\/Tour\/150926-SM-263bz-1100x734.jpg 1100w, https:\/\/www.bildzeuge.de\/wp-content\/uploads\/2015\/Westalpen\/Tour\/150926-SM-263bz-600x401.jpg 600w, https:\/\/www.bildzeuge.de\/wp-content\/uploads\/2015\/Westalpen\/Tour\/150926-SM-263bz-75x50.jpg 75w\" sizes=\"auto, (max-width: 1200px) 100vw, 1200px\" \/><\/a><\/p>\n<p>Ein paar Bildlein von <a href=\"http:\/\/de.lagomaggiore.net\/orta-san-giulio.htm\" target=\"_blank\"><strong>Orta San Giulio<\/strong><\/a>, wo wir drei N\u00e4chte letzte Station machten, um noch etwas mit den Beinen zu baumeln.<\/p>\n<p><a href=\"https:\/\/www.bildzeuge.de\/wp-content\/uploads\/2015\/Westalpen\/Tour\/150928-SM-287bz.jpg\" data-rel=\"lightbox-gallery-5y7a25Pj\" data-rl_title=\"\" data-rl_caption=\"\"><img loading=\"lazy\" decoding=\"async\" class=\"alignnone size-full wp-image-1359\" title=\"\" src=\"https:\/\/www.bildzeuge.de\/wp-content\/uploads\/2015\/Westalpen\/Tour\/150928-SM-287bz.jpg\" alt=\"\" width=\"1200\" height=\"801\" srcset=\"https:\/\/www.bildzeuge.de\/wp-content\/uploads\/2015\/Westalpen\/Tour\/150928-SM-287bz.jpg 1200w, https:\/\/www.bildzeuge.de\/wp-content\/uploads\/2015\/Westalpen\/Tour\/150928-SM-287bz-300x200.jpg 300w, https:\/\/www.bildzeuge.de\/wp-content\/uploads\/2015\/Westalpen\/Tour\/150928-SM-287bz-1100x734.jpg 1100w, https:\/\/www.bildzeuge.de\/wp-content\/uploads\/2015\/Westalpen\/Tour\/150928-SM-287bz-600x401.jpg 600w, https:\/\/www.bildzeuge.de\/wp-content\/uploads\/2015\/Westalpen\/Tour\/150928-SM-287bz-75x50.jpg 75w\" sizes=\"auto, (max-width: 1200px) 100vw, 1200px\" \/><\/a><\/p>\n<p><a href=\"https:\/\/www.bildzeuge.de\/wp-content\/uploads\/2015\/Westalpen\/Tour\/150929-SM-328bz.jpg\" data-rel=\"lightbox-gallery-5y7a25Pj\" data-rl_title=\"\" data-rl_caption=\"\"><img loading=\"lazy\" decoding=\"async\" class=\"alignnone size-full wp-image-1367\" title=\"\" src=\"https:\/\/www.bildzeuge.de\/wp-content\/uploads\/2015\/Westalpen\/Tour\/150929-SM-328bz.jpg\" alt=\"\" width=\"1200\" height=\"801\" srcset=\"https:\/\/www.bildzeuge.de\/wp-content\/uploads\/2015\/Westalpen\/Tour\/150929-SM-328bz.jpg 1200w, https:\/\/www.bildzeuge.de\/wp-content\/uploads\/2015\/Westalpen\/Tour\/150929-SM-328bz-300x200.jpg 300w, https:\/\/www.bildzeuge.de\/wp-content\/uploads\/2015\/Westalpen\/Tour\/150929-SM-328bz-1100x734.jpg 1100w, https:\/\/www.bildzeuge.de\/wp-content\/uploads\/2015\/Westalpen\/Tour\/150929-SM-328bz-600x401.jpg 600w, https:\/\/www.bildzeuge.de\/wp-content\/uploads\/2015\/Westalpen\/Tour\/150929-SM-328bz-75x50.jpg 75w\" sizes=\"auto, (max-width: 1200px) 100vw, 1200px\" \/><\/a><\/p>\n<p><a href=\"https:\/\/www.bildzeuge.de\/wp-content\/uploads\/2015\/Westalpen\/Tour\/150929-SM-178bz.jpg\" data-rel=\"lightbox-gallery-5y7a25Pj\" data-rl_title=\"\" data-rl_caption=\"\"><img loading=\"lazy\" decoding=\"async\" class=\"alignnone size-full wp-image-1361\" title=\"\" src=\"https:\/\/www.bildzeuge.de\/wp-content\/uploads\/2015\/Westalpen\/Tour\/150929-SM-178bz.jpg\" alt=\"\" width=\"1200\" height=\"900\" srcset=\"https:\/\/www.bildzeuge.de\/wp-content\/uploads\/2015\/Westalpen\/Tour\/150929-SM-178bz.jpg 1200w, https:\/\/www.bildzeuge.de\/wp-content\/uploads\/2015\/Westalpen\/Tour\/150929-SM-178bz-300x225.jpg 300w, https:\/\/www.bildzeuge.de\/wp-content\/uploads\/2015\/Westalpen\/Tour\/150929-SM-178bz-1100x825.jpg 1100w, https:\/\/www.bildzeuge.de\/wp-content\/uploads\/2015\/Westalpen\/Tour\/150929-SM-178bz-600x450.jpg 600w, https:\/\/www.bildzeuge.de\/wp-content\/uploads\/2015\/Westalpen\/Tour\/150929-SM-178bz-75x56.jpg 75w\" sizes=\"auto, (max-width: 1200px) 100vw, 1200px\" \/><\/a><\/p>\n<p>Wir wohnten direkt am Hauptplatz mit dem kleinen Hafen, aber ohne Blick zum See.<\/p>\n<p><a href=\"https:\/\/www.bildzeuge.de\/wp-content\/uploads\/2015\/Westalpen\/Tour\/150929-SM-321bz.jpg\" data-rel=\"lightbox-gallery-5y7a25Pj\" data-rl_title=\"\" data-rl_caption=\"\"><img loading=\"lazy\" decoding=\"async\" class=\"alignnone size-full wp-image-1365\" title=\"\" src=\"https:\/\/www.bildzeuge.de\/wp-content\/uploads\/2015\/Westalpen\/Tour\/150929-SM-321bz.jpg\" alt=\"\" width=\"1200\" height=\"801\" srcset=\"https:\/\/www.bildzeuge.de\/wp-content\/uploads\/2015\/Westalpen\/Tour\/150929-SM-321bz.jpg 1200w, https:\/\/www.bildzeuge.de\/wp-content\/uploads\/2015\/Westalpen\/Tour\/150929-SM-321bz-300x200.jpg 300w, https:\/\/www.bildzeuge.de\/wp-content\/uploads\/2015\/Westalpen\/Tour\/150929-SM-321bz-1100x734.jpg 1100w, https:\/\/www.bildzeuge.de\/wp-content\/uploads\/2015\/Westalpen\/Tour\/150929-SM-321bz-600x401.jpg 600w, https:\/\/www.bildzeuge.de\/wp-content\/uploads\/2015\/Westalpen\/Tour\/150929-SM-321bz-75x50.jpg 75w\" sizes=\"auto, (max-width: 1200px) 100vw, 1200px\" \/><\/a><\/p>\n<p><a href=\"https:\/\/www.bildzeuge.de\/wp-content\/uploads\/2015\/Westalpen\/Tour\/150929-SM-301bz.jpg\" data-rel=\"lightbox-gallery-5y7a25Pj\" data-rl_title=\"\" data-rl_caption=\"\"><img loading=\"lazy\" decoding=\"async\" class=\"alignnone size-full wp-image-1362\" title=\"\" src=\"https:\/\/www.bildzeuge.de\/wp-content\/uploads\/2015\/Westalpen\/Tour\/150929-SM-301bz.jpg\" alt=\"\" width=\"1200\" height=\"801\" srcset=\"https:\/\/www.bildzeuge.de\/wp-content\/uploads\/2015\/Westalpen\/Tour\/150929-SM-301bz.jpg 1200w, https:\/\/www.bildzeuge.de\/wp-content\/uploads\/2015\/Westalpen\/Tour\/150929-SM-301bz-300x200.jpg 300w, https:\/\/www.bildzeuge.de\/wp-content\/uploads\/2015\/Westalpen\/Tour\/150929-SM-301bz-1100x734.jpg 1100w, https:\/\/www.bildzeuge.de\/wp-content\/uploads\/2015\/Westalpen\/Tour\/150929-SM-301bz-600x401.jpg 600w, https:\/\/www.bildzeuge.de\/wp-content\/uploads\/2015\/Westalpen\/Tour\/150929-SM-301bz-75x50.jpg 75w\" sizes=\"auto, (max-width: 1200px) 100vw, 1200px\" \/><\/a><\/p>\n<p><a href=\"https:\/\/www.bildzeuge.de\/wp-content\/uploads\/2015\/Westalpen\/Tour\/150929-SM-172bz.jpg\" data-rel=\"lightbox-gallery-5y7a25Pj\" data-rl_title=\"\" data-rl_caption=\"\"><img loading=\"lazy\" decoding=\"async\" class=\"alignnone size-full wp-image-1360\" title=\"\" src=\"https:\/\/www.bildzeuge.de\/wp-content\/uploads\/2015\/Westalpen\/Tour\/150929-SM-172bz.jpg\" alt=\"\" width=\"1200\" height=\"900\" srcset=\"https:\/\/www.bildzeuge.de\/wp-content\/uploads\/2015\/Westalpen\/Tour\/150929-SM-172bz.jpg 1200w, https:\/\/www.bildzeuge.de\/wp-content\/uploads\/2015\/Westalpen\/Tour\/150929-SM-172bz-300x225.jpg 300w, https:\/\/www.bildzeuge.de\/wp-content\/uploads\/2015\/Westalpen\/Tour\/150929-SM-172bz-1100x825.jpg 1100w, https:\/\/www.bildzeuge.de\/wp-content\/uploads\/2015\/Westalpen\/Tour\/150929-SM-172bz-600x450.jpg 600w, https:\/\/www.bildzeuge.de\/wp-content\/uploads\/2015\/Westalpen\/Tour\/150929-SM-172bz-75x56.jpg 75w\" sizes=\"auto, (max-width: 1200px) 100vw, 1200px\" \/><\/a><\/p>\n<p><a href=\"https:\/\/www.bildzeuge.de\/wp-content\/uploads\/2015\/Westalpen\/Tour\/150929-SM-313bz.jpg\" data-rel=\"lightbox-gallery-5y7a25Pj\" data-rl_title=\"\" data-rl_caption=\"\"><img loading=\"lazy\" decoding=\"async\" class=\"alignnone size-full wp-image-1364\" title=\"\" src=\"https:\/\/www.bildzeuge.de\/wp-content\/uploads\/2015\/Westalpen\/Tour\/150929-SM-313bz.jpg\" alt=\"\" width=\"1200\" height=\"801\" srcset=\"https:\/\/www.bildzeuge.de\/wp-content\/uploads\/2015\/Westalpen\/Tour\/150929-SM-313bz.jpg 1200w, https:\/\/www.bildzeuge.de\/wp-content\/uploads\/2015\/Westalpen\/Tour\/150929-SM-313bz-300x200.jpg 300w, https:\/\/www.bildzeuge.de\/wp-content\/uploads\/2015\/Westalpen\/Tour\/150929-SM-313bz-1100x734.jpg 1100w, https:\/\/www.bildzeuge.de\/wp-content\/uploads\/2015\/Westalpen\/Tour\/150929-SM-313bz-600x401.jpg 600w, https:\/\/www.bildzeuge.de\/wp-content\/uploads\/2015\/Westalpen\/Tour\/150929-SM-313bz-75x50.jpg 75w\" sizes=\"auto, (max-width: 1200px) 100vw, 1200px\" \/><\/a><\/p>\n<p>Das ist die Klosterinsel San Giulio, die ein Touristenmagnet ist, aber aus der Ferne sch\u00f6nere Eindr\u00fccke bietet als beim Besuch der kleinen Insel.<\/p>\n<p><a href=\"https:\/\/www.bildzeuge.de\/wp-content\/uploads\/2015\/Westalpen\/Tour\/150929-SM-305bz.jpg\" data-rel=\"lightbox-gallery-5y7a25Pj\" data-rl_title=\"\" data-rl_caption=\"\"><img loading=\"lazy\" decoding=\"async\" class=\"alignnone size-full wp-image-1363\" title=\"\" src=\"https:\/\/www.bildzeuge.de\/wp-content\/uploads\/2015\/Westalpen\/Tour\/150929-SM-305bz.jpg\" alt=\"\" width=\"1200\" height=\"801\" srcset=\"https:\/\/www.bildzeuge.de\/wp-content\/uploads\/2015\/Westalpen\/Tour\/150929-SM-305bz.jpg 1200w, https:\/\/www.bildzeuge.de\/wp-content\/uploads\/2015\/Westalpen\/Tour\/150929-SM-305bz-300x200.jpg 300w, https:\/\/www.bildzeuge.de\/wp-content\/uploads\/2015\/Westalpen\/Tour\/150929-SM-305bz-1100x734.jpg 1100w, https:\/\/www.bildzeuge.de\/wp-content\/uploads\/2015\/Westalpen\/Tour\/150929-SM-305bz-600x401.jpg 600w, https:\/\/www.bildzeuge.de\/wp-content\/uploads\/2015\/Westalpen\/Tour\/150929-SM-305bz-75x50.jpg 75w\" sizes=\"auto, (max-width: 1200px) 100vw, 1200px\" \/><\/a><\/p>\n<p><a href=\"https:\/\/www.bildzeuge.de\/wp-content\/uploads\/2015\/Westalpen\/Tour\/150929-SM-325bz.jpg\" data-rel=\"lightbox-gallery-5y7a25Pj\" data-rl_title=\"\" data-rl_caption=\"\"><img loading=\"lazy\" decoding=\"async\" class=\"alignnone size-full wp-image-1366\" title=\"\" src=\"https:\/\/www.bildzeuge.de\/wp-content\/uploads\/2015\/Westalpen\/Tour\/150929-SM-325bz.jpg\" alt=\"\" width=\"1200\" height=\"801\" srcset=\"https:\/\/www.bildzeuge.de\/wp-content\/uploads\/2015\/Westalpen\/Tour\/150929-SM-325bz.jpg 1200w, https:\/\/www.bildzeuge.de\/wp-content\/uploads\/2015\/Westalpen\/Tour\/150929-SM-325bz-300x200.jpg 300w, https:\/\/www.bildzeuge.de\/wp-content\/uploads\/2015\/Westalpen\/Tour\/150929-SM-325bz-1100x734.jpg 1100w, https:\/\/www.bildzeuge.de\/wp-content\/uploads\/2015\/Westalpen\/Tour\/150929-SM-325bz-600x401.jpg 600w, https:\/\/www.bildzeuge.de\/wp-content\/uploads\/2015\/Westalpen\/Tour\/150929-SM-325bz-75x50.jpg 75w\" sizes=\"auto, (max-width: 1200px) 100vw, 1200px\" \/><\/a><\/p>\n<p>Die Einheimischen halten solche Typen f\u00fcr Selbstm\u00f6rder, doch so kalt war das Wasser Anfang Oktober gar nicht, wenn man sich \u00fcberwindet.<\/p>\n<p><a href=\"https:\/\/www.bildzeuge.de\/wp-content\/uploads\/2015\/Westalpen\/Tour\/150930-UD-158bz.jpg\" data-rel=\"lightbox-gallery-5y7a25Pj\" data-rl_title=\"\" data-rl_caption=\"\"><img loading=\"lazy\" decoding=\"async\" class=\"alignnone size-full wp-image-1369\" title=\"\" src=\"https:\/\/www.bildzeuge.de\/wp-content\/uploads\/2015\/Westalpen\/Tour\/150930-UD-158bz.jpg\" alt=\"\" width=\"1200\" height=\"900\" srcset=\"https:\/\/www.bildzeuge.de\/wp-content\/uploads\/2015\/Westalpen\/Tour\/150930-UD-158bz.jpg 1200w, https:\/\/www.bildzeuge.de\/wp-content\/uploads\/2015\/Westalpen\/Tour\/150930-UD-158bz-300x225.jpg 300w, https:\/\/www.bildzeuge.de\/wp-content\/uploads\/2015\/Westalpen\/Tour\/150930-UD-158bz-1100x825.jpg 1100w, https:\/\/www.bildzeuge.de\/wp-content\/uploads\/2015\/Westalpen\/Tour\/150930-UD-158bz-600x450.jpg 600w, https:\/\/www.bildzeuge.de\/wp-content\/uploads\/2015\/Westalpen\/Tour\/150930-UD-158bz-75x56.jpg 75w\" sizes=\"auto, (max-width: 1200px) 100vw, 1200px\" \/><\/a><\/p>\n<p>Nicht viel los in der Nachsaison am Abend, wo es dann gar romantisch anmutet. Wir h\u00f6rten Luciano Pavarotti mit seinen besten Aufnahmen aus Puccini- und Verdi-Opern und genossen &#8222;La dolce vita&#8220; (das s\u00fc\u00dfe Leben).<\/p>\n<p><a href=\"https:\/\/www.bildzeuge.de\/wp-content\/uploads\/2015\/Westalpen\/Tour\/150929-SM-331bz.jpg\" data-rel=\"lightbox-gallery-5y7a25Pj\" data-rl_title=\"\" data-rl_caption=\"\"><img loading=\"lazy\" decoding=\"async\" class=\"alignnone size-full wp-image-1368\" title=\"\" src=\"https:\/\/www.bildzeuge.de\/wp-content\/uploads\/2015\/Westalpen\/Tour\/150929-SM-331bz.jpg\" alt=\"\" width=\"1200\" height=\"801\" srcset=\"https:\/\/www.bildzeuge.de\/wp-content\/uploads\/2015\/Westalpen\/Tour\/150929-SM-331bz.jpg 1200w, https:\/\/www.bildzeuge.de\/wp-content\/uploads\/2015\/Westalpen\/Tour\/150929-SM-331bz-300x200.jpg 300w, https:\/\/www.bildzeuge.de\/wp-content\/uploads\/2015\/Westalpen\/Tour\/150929-SM-331bz-1100x734.jpg 1100w, https:\/\/www.bildzeuge.de\/wp-content\/uploads\/2015\/Westalpen\/Tour\/150929-SM-331bz-600x401.jpg 600w, https:\/\/www.bildzeuge.de\/wp-content\/uploads\/2015\/Westalpen\/Tour\/150929-SM-331bz-75x50.jpg 75w\" sizes=\"auto, (max-width: 1200px) 100vw, 1200px\" \/><\/a><\/p>\n<p>Das war`s und doch so viel, obwohl ich keine Fotoserie gemacht hatte.<br \/>\nDiese Seite ist nur durch den zugeschickten LINK erreichbar und nicht \u00fcber Hauptstruktur der WebSite zu finden.<\/p>\n<hr \/>\n<p><span style=\"font-size: 12pt;\">Ich danke der Magnum-Fotografin Utchi Kalutschi f\u00fcr ihre Beigaben, die entsprechend gekennzeichnet sind.<\/span><\/p>\n","protected":false},"excerpt":{"rendered":"<p>Grande Traversata delle Alpi (GTA) Als GTA wird der Bergfernwanderweg bezeichnet, der von der Schweiz bis ans Mittelmeer (Ventimiglia oder Nizza) \u00fcber eine Strecke von&#46;&#46;&#46;<\/p>\n","protected":false},"author":4,"featured_media":0,"parent":0,"menu_order":0,"comment_status":"closed","ping_status":"closed","template":"","meta":{"jetpack_post_was_ever_published":false,"footnotes":""},"class_list":["post-1302","page","type-page","status-publish","hentry"],"jetpack_sharing_enabled":true,"jetpack_shortlink":"https:\/\/wp.me\/P52wc6-l0","jetpack-related-posts":[{"id":322,"url":"https:\/\/www.bildzeuge.de\/?page_id=322","url_meta":{"origin":1302,"position":0},"title":"IMPRESSUM","author":"Melchior","date":"17. Oktober 2014","format":false,"excerpt":"Gesetzliche Angaben zur Identifizierung des Anbieters: bildzeuge.de\u00a0 ist Teil von CASTELLI Fotografie Melchior Castelli Friedenstr. 4171540 Murrhardt Tel.: 0176\/ 44 44 00 73 USt-IdNr.: DE199319589 F\u00fcr den E-Mail-Kontakt benutzen Sie bitte das Formular und informieren sich zuvor mittels Datenschutzerkl\u00e4rung bez\u00fcglich Datenverwendung. Haftungshinweise: Trotz sorgf\u00e4ltiger inhaltlicher Kontrolle \u00fcbernehmen wir keine Haftung\u2026","rel":"","context":"\u00c4hnlicher Beitrag","block_context":{"text":"\u00c4hnlicher Beitrag","link":""},"img":{"alt_text":"","src":"","width":0,"height":0},"classes":[]}],"_links":{"self":[{"href":"https:\/\/www.bildzeuge.de\/index.php?rest_route=\/wp\/v2\/pages\/1302","targetHints":{"allow":["GET"]}}],"collection":[{"href":"https:\/\/www.bildzeuge.de\/index.php?rest_route=\/wp\/v2\/pages"}],"about":[{"href":"https:\/\/www.bildzeuge.de\/index.php?rest_route=\/wp\/v2\/types\/page"}],"author":[{"embeddable":true,"href":"https:\/\/www.bildzeuge.de\/index.php?rest_route=\/wp\/v2\/users\/4"}],"replies":[{"embeddable":true,"href":"https:\/\/www.bildzeuge.de\/index.php?rest_route=%2Fwp%2Fv2%2Fcomments&post=1302"}],"version-history":[{"count":0,"href":"https:\/\/www.bildzeuge.de\/index.php?rest_route=\/wp\/v2\/pages\/1302\/revisions"}],"wp:attachment":[{"href":"https:\/\/www.bildzeuge.de\/index.php?rest_route=%2Fwp%2Fv2%2Fmedia&parent=1302"}],"curies":[{"name":"wp","href":"https:\/\/api.w.org\/{rel}","templated":true}]}}